{"id":34580,"date":"2026-09-04T11:55:15","date_gmt":"2026-09-04T11:55:15","guid":{"rendered":"https:\/\/santacatalinaproperties.com\/?post_type=property&#038;p=34580"},"modified":"2026-09-04T11:55:15","modified_gmt":"2026-09-04T11:55:15","slug":"svbon-006-bonanova","status":"publish","type":"property","link":"https:\/\/santacatalinaproperties.com\/es\/propiedad\/svbon-006-bonanova\/","title":{"rendered":"SVBON 006 &#8211; BONANOVA"},"content":{"rendered":"<p>Amplio piso de cuatro dormitorios con vistas al mar, gran terraza y plaza de aparcamiento.<\/p>\n<p>Este espacioso piso, construido en 1983 y en buen estado, ofrece aproximadamente 124 m\u00b2 de superficie \u00fatil y combina amplios espacios interiores con una agradable sensaci\u00f3n de amplitud y unas vistas despejadas que no podr\u00e1n verse obstaculizadas por futuras construcciones.<\/p>\n<p>Con cuatro dormitorios bien proporcionados y dos ba\u00f1os, la vivienda tiene una distribuci\u00f3n c\u00f3moda y funcional, ideal para familias, para el teletrabajo o para quienes buscan espacio adicional para invitados, una oficina u otras necesidades personales.<\/p>\n<p>La vivienda es toda exterior, lo que puede considerarse un atractivo por contar con excelente luz natural durante todo el d\u00eda, convirtiendo el piso en un hogar especialmente luminoso y agradable.<\/p>\n<p>La acogedora chimenea aporta calidez y car\u00e1cter durante los meses m\u00e1s fr\u00edos, complementada con calefacci\u00f3n central para garantizar el confort durante todo el invierno. La amplia terraza, de unos 15 m2, puede considerarse una extensi\u00f3n de la c\u00f3moda sala de estar, perfecta para relajarse, disfrutar de una cena al aire libre o, simplemente, contemplar las vistas despejadas y la tranquilidad del entorno.<\/p>\n<p>El piso forma parte de una comunidad agradable y bien cuidada, situada en una zona que ofrece f\u00e1cil acceso a servicios, tiendas y todas las comodidades necesarias para la vida diaria.<\/p>\n<p>Excelente oportunidad para adquirir una vivienda espaciosa y luminosa en una ubicaci\u00f3n muy atractiva. \u00a1Ponte en contacto con nosotros para concertar una visita!<\/p>\n","protected":false},"excerpt":{"rendered":"<p>Amplio piso de cuatro dormitorios con vistas al mar, gran terraza y plaza de aparcamiento. Este espacioso piso, construido en 1983 y en buen estado, ofrece aproximadamente 124 m\u00b2 de superficie \u00fatil y combina amplios espacios interiores con una agradable sensaci\u00f3n de amplitud y unas vistas despejadas que no podr\u00e1n verse obstaculizadas por futuras construcciones&#8230;.<\/p>\n","protected":false},"author":5,"featured_media":34536,"parent":0,"menu_order":0,"comment_status":"closed","ping_status":"closed","template":"","property-feature":[58,59,55,60,132,53],"property-type":[61],"property-city":[20],"property-status":[70],"property_meta":{"REAL_HOMES_property_price":"674000","REAL_HOMES_property_old_price":"","REAL_HOMES_property_price_prefix":"","REAL_HOMES_property_price_postfix":"","REAL_HOMES_property_size":"124","REAL_HOMES_property_size_postfix":"m2","REAL_HOMES_property_lot_size":"","REAL_HOMES_property_lot_size_postfix":"","REAL_HOMES_property_bedrooms":"4","REAL_HOMES_property_bathrooms":"2","REAL_HOMES_property_garage":"1","REAL_HOMES_property_id":"SVBON 006","REAL_HOMES_property_year_built":"1983","REAL_HOMES_featured":"1","REAL_HOMES_additional_details_list":[],"REAL_HOMES_property_location":{"latitude":"39.5582314","longitude":"2.6180758","zoom":"14"},"REAL_HOMES_property_address":"carrer de Bartomeu Pons i Coll, es Corb Mar\u00ed, la Bonanova, Districte de Ponent, Palma, Islas Baleares, 07015, Espa\u00f1a","REAL_HOMES_property_map":"0","REAL_HOMES_property_images":[{"width":150,"height":150,"file":"2026\/09\/01_Carrer-de-Bartomeu-Pons-i-Coll-1A.jpg","filesize":526048,"sizes":{"medium":{"file":"01_Carrer-de-Bartomeu-Pons-i-Coll-1A-300x200.jpg","width":300,"height":200,"mime-type":"image\/jpeg","filesize":15716,"url":"https:\/\/santacatalinaproperties.com\/wp-content\/uploads\/2026\/09\/01_Carrer-de-Bartomeu-Pons-i-Coll-1A-300x200.jpg"},"large":{"file":"01_Carrer-de-Bartomeu-Pons-i-Coll-1A-1024x683.jpg","width":1024,"height":683,"mime-type":"image\/jpeg","filesize":135188,"url":"https:\/\/santacatalinaproperties.com\/wp-content\/uploads\/2026\/09\/01_Carrer-de-Bartomeu-Pons-i-Coll-1A-1024x683.jpg"},"thumbnail":{"file":"01_Carrer-de-Bartomeu-Pons-i-Coll-1A-150x150.jpg","width":150,"height":150,"mime-type":"image\/jpeg","filesize":6909,"url":"https:\/\/santacatalinaproperties.com\/wp-content\/uploads\/2026\/09\/01_Carrer-de-Bartomeu-Pons-i-Coll-1A-150x150.jpg"},"medium_large":{"file":"01_Carrer-de-Bartomeu-Pons-i-Coll-1A-768x512.jpg","width":768,"height":512,"mime-type":"image\/jpeg","filesize":81624,"url":"https:\/\/santacatalinaproperties.com\/wp-content\/uploads\/2026\/09\/01_Carrer-de-Bartomeu-Pons-i-Coll-1A-768x512.jpg"},"post-thumbnail":{"file":"01_Carrer-de-Bartomeu-Pons-i-Coll-1A-150x100.jpg","width":150,"height":100,"mime-type":"image\/jpeg","filesize":5085,"url":"https:\/\/santacatalinaproperties.com\/wp-content\/uploads\/2026\/09\/01_Carrer-de-Bartomeu-Pons-i-Coll-1A-150x100.jpg"},"modern-property-child-slider":{"file":"01_Carrer-de-Bartomeu-Pons-i-Coll-1A-680x510.jpg","width":680,"height":510,"mime-type":"image\/jpeg","filesize":70856,"url":"https:\/\/santacatalinaproperties.com\/wp-content\/uploads\/2026\/09\/01_Carrer-de-Bartomeu-Pons-i-Coll-1A-680x510.jpg"},"property-thumb-image":{"file":"01_Carrer-de-Bartomeu-Pons-i-Coll-1A-488x326.jpg","width":488,"height":326,"mime-type":"image\/jpeg","filesize":37107,"url":"https:\/\/santacatalinaproperties.com\/wp-content\/uploads\/2026\/09\/01_Carrer-de-Bartomeu-Pons-i-Coll-1A-488x326.jpg"},"property-detail-video-image":{"file":"01_Carrer-de-Bartomeu-Pons-i-Coll-1A-818x417.jpg","width":818,"height":417,"mime-type":"image\/jpeg","filesize":78120,"url":"https:\/\/santacatalinaproperties.com\/wp-content\/uploads\/2026\/09\/01_Carrer-de-Bartomeu-Pons-i-Coll-1A-818x417.jpg"},"agent-image":{"file":"01_Carrer-de-Bartomeu-Pons-i-Coll-1A-210x210.jpg","width":210,"height":210,"mime-type":"image\/jpeg","filesize":12308,"url":"https:\/\/santacatalinaproperties.com\/wp-content\/uploads\/2026\/09\/01_Carrer-de-Bartomeu-Pons-i-Coll-1A-210x210.jpg"},"partners-logo":{"file":"01_Carrer-de-Bartomeu-Pons-i-Coll-1A-600x945.jpg","width":600,"height":945,"mime-type":"image\/jpeg","filesize":120290,"url":"https:\/\/santacatalinaproperties.com\/wp-content\/uploads\/2026\/09\/01_Carrer-de-Bartomeu-Pons-i-Coll-1A-600x945.jpg"},"post-featured-image":{"file":"01_Carrer-de-Bartomeu-Pons-i-Coll-1A-1240x720.jpg","width":1240,"height":720,"mime-type":"image\/jpeg","filesize":170392,"url":"https:\/\/santacatalinaproperties.com\/wp-content\/uploads\/2026\/09\/01_Carrer-de-Bartomeu-Pons-i-Coll-1A-1240x720.jpg"}},"image_meta":{"aperture":"9","credit":"Marcos Iso","camera":"ILCE-7M4","caption":"","created_timestamp":"1778148516","copyright":"Marcos Iso","focal_length":"17","iso":"200","shutter_speed":"0.0025","title":"","orientation":"1","keywords":["1A","2026","Carrer de Bartomeu Pons i Coll","bonanova","garage","gato","martin","mayo","palma","palma de mallorca","perros","piso","synergy homes"]},"ID":"34535","name":"01_Carrer-de-Bartomeu-Pons-i-Coll-1A.jpg","path":"\/home\/scatapro\/public_html\/wp-content\/uploads\/2026\/09\/01_Carrer-de-Bartomeu-Pons-i-Coll-1A.jpg","url":"https:\/\/santacatalinaproperties.com\/wp-content\/uploads\/2026\/09\/01_Carrer-de-Bartomeu-Pons-i-Coll-1A-150x150.jpg","full_url":"https:\/\/santacatalinaproperties.com\/wp-content\/uploads\/2026\/09\/01_Carrer-de-Bartomeu-Pons-i-Coll-1A.jpg","title":"01_Carrer de Bartomeu Pons i Coll, 1A","caption":"","description":"","alt":"","srcset":"https:\/\/santacatalinaproperties.com\/wp-content\/uploads\/2026\/09\/01_Carrer-de-Bartomeu-Pons-i-Coll-1A-150x150.jpg 150w, https:\/\/santacatalinaproperties.com\/wp-content\/uploads\/2026\/09\/01_Carrer-de-Bartomeu-Pons-i-Coll-1A-210x210.jpg 210w"},{"width":150,"height":150,"file":"2026\/09\/03_Carrer-de-Bartomeu-Pons-i-Coll-1A.jpg","filesize":464014,"sizes":{"medium":{"file":"03_Carrer-de-Bartomeu-Pons-i-Coll-1A-300x200.jpg","width":300,"height":200,"mime-type":"image\/jpeg","filesize":13911,"url":"https:\/\/santacatalinaproperties.com\/wp-content\/uploads\/2026\/09\/03_Carrer-de-Bartomeu-Pons-i-Coll-1A-300x200.jpg"},"large":{"file":"03_Carrer-de-Bartomeu-Pons-i-Coll-1A-1024x683.jpg","width":1024,"height":683,"mime-type":"image\/jpeg","filesize":116184,"url":"https:\/\/santacatalinaproperties.com\/wp-content\/uploads\/2026\/09\/03_Carrer-de-Bartomeu-Pons-i-Coll-1A-1024x683.jpg"},"thumbnail":{"file":"03_Carrer-de-Bartomeu-Pons-i-Coll-1A-150x150.jpg","width":150,"height":150,"mime-type":"image\/jpeg","filesize":5867,"url":"https:\/\/santacatalinaproperties.com\/wp-content\/uploads\/2026\/09\/03_Carrer-de-Bartomeu-Pons-i-Coll-1A-150x150.jpg"},"medium_large":{"file":"03_Carrer-de-Bartomeu-Pons-i-Coll-1A-768x512.jpg","width":768,"height":512,"mime-type":"image\/jpeg","filesize":69723,"url":"https:\/\/santacatalinaproperties.com\/wp-content\/uploads\/2026\/09\/03_Carrer-de-Bartomeu-Pons-i-Coll-1A-768x512.jpg"},"post-thumbnail":{"file":"03_Carrer-de-Bartomeu-Pons-i-Coll-1A-150x100.jpg","width":150,"height":100,"mime-type":"image\/jpeg","filesize":4721,"url":"https:\/\/santacatalinaproperties.com\/wp-content\/uploads\/2026\/09\/03_Carrer-de-Bartomeu-Pons-i-Coll-1A-150x100.jpg"},"modern-property-child-slider":{"file":"03_Carrer-de-Bartomeu-Pons-i-Coll-1A-680x510.jpg","width":680,"height":510,"mime-type":"image\/jpeg","filesize":59979,"url":"https:\/\/santacatalinaproperties.com\/wp-content\/uploads\/2026\/09\/03_Carrer-de-Bartomeu-Pons-i-Coll-1A-680x510.jpg"},"property-thumb-image":{"file":"03_Carrer-de-Bartomeu-Pons-i-Coll-1A-488x326.jpg","width":488,"height":326,"mime-type":"image\/jpeg","filesize":31888,"url":"https:\/\/santacatalinaproperties.com\/wp-content\/uploads\/2026\/09\/03_Carrer-de-Bartomeu-Pons-i-Coll-1A-488x326.jpg"},"property-detail-video-image":{"file":"03_Carrer-de-Bartomeu-Pons-i-Coll-1A-818x417.jpg","width":818,"height":417,"mime-type":"image\/jpeg","filesize":64722,"url":"https:\/\/santacatalinaproperties.com\/wp-content\/uploads\/2026\/09\/03_Carrer-de-Bartomeu-Pons-i-Coll-1A-818x417.jpg"},"agent-image":{"file":"03_Carrer-de-Bartomeu-Pons-i-Coll-1A-210x210.jpg","width":210,"height":210,"mime-type":"image\/jpeg","filesize":10258,"url":"https:\/\/santacatalinaproperties.com\/wp-content\/uploads\/2026\/09\/03_Carrer-de-Bartomeu-Pons-i-Coll-1A-210x210.jpg"},"partners-logo":{"file":"03_Carrer-de-Bartomeu-Pons-i-Coll-1A-600x945.jpg","width":600,"height":945,"mime-type":"image\/jpeg","filesize":100646,"url":"https:\/\/santacatalinaproperties.com\/wp-content\/uploads\/2026\/09\/03_Carrer-de-Bartomeu-Pons-i-Coll-1A-600x945.jpg"},"post-featured-image":{"file":"03_Carrer-de-Bartomeu-Pons-i-Coll-1A-1240x720.jpg","width":1240,"height":720,"mime-type":"image\/jpeg","filesize":143014,"url":"https:\/\/santacatalinaproperties.com\/wp-content\/uploads\/2026\/09\/03_Carrer-de-Bartomeu-Pons-i-Coll-1A-1240x720.jpg"}},"image_meta":{"aperture":"9","credit":"Marcos Iso","camera":"ILCE-7M4","caption":"","created_timestamp":"1778148527","copyright":"Marcos Iso","focal_length":"17","iso":"200","shutter_speed":"0.0025","title":"","orientation":"1","keywords":["1A","2026","Carrer de Bartomeu Pons i Coll","bonanova","garage","gato","martin","mayo","palma","palma de mallorca","perros","piso","synergy homes"]},"ID":"34537","name":"03_Carrer-de-Bartomeu-Pons-i-Coll-1A.jpg","path":"\/home\/scatapro\/public_html\/wp-content\/uploads\/2026\/09\/03_Carrer-de-Bartomeu-Pons-i-Coll-1A.jpg","url":"https:\/\/santacatalinaproperties.com\/wp-content\/uploads\/2026\/09\/03_Carrer-de-Bartomeu-Pons-i-Coll-1A-150x150.jpg","full_url":"https:\/\/santacatalinaproperties.com\/wp-content\/uploads\/2026\/09\/03_Carrer-de-Bartomeu-Pons-i-Coll-1A.jpg","title":"03_Carrer de Bartomeu Pons i Coll, 1A","caption":"","description":"","alt":"","srcset":"https:\/\/santacatalinaproperties.com\/wp-content\/uploads\/2026\/09\/03_Carrer-de-Bartomeu-Pons-i-Coll-1A-150x150.jpg 150w, https:\/\/santacatalinaproperties.com\/wp-content\/uploads\/2026\/09\/03_Carrer-de-Bartomeu-Pons-i-Coll-1A-210x210.jpg 210w"},{"width":150,"height":150,"file":"2026\/09\/05_Carrer-de-Bartomeu-Pons-i-Coll-1A.jpg","filesize":582570,"sizes":{"medium":{"file":"05_Carrer-de-Bartomeu-Pons-i-Coll-1A-300x200.jpg","width":300,"height":200,"mime-type":"image\/jpeg","filesize":18781,"url":"https:\/\/santacatalinaproperties.com\/wp-content\/uploads\/2026\/09\/05_Carrer-de-Bartomeu-Pons-i-Coll-1A-300x200.jpg"},"large":{"file":"05_Carrer-de-Bartomeu-Pons-i-Coll-1A-1024x683.jpg","width":1024,"height":683,"mime-type":"image\/jpeg","filesize":159241,"url":"https:\/\/santacatalinaproperties.com\/wp-content\/uploads\/2026\/09\/05_Carrer-de-Bartomeu-Pons-i-Coll-1A-1024x683.jpg"},"thumbnail":{"file":"05_Carrer-de-Bartomeu-Pons-i-Coll-1A-150x150.jpg","width":150,"height":150,"mime-type":"image\/jpeg","filesize":7742,"url":"https:\/\/santacatalinaproperties.com\/wp-content\/uploads\/2026\/09\/05_Carrer-de-Bartomeu-Pons-i-Coll-1A-150x150.jpg"},"medium_large":{"file":"05_Carrer-de-Bartomeu-Pons-i-Coll-1A-768x512.jpg","width":768,"height":512,"mime-type":"image\/jpeg","filesize":96574,"url":"https:\/\/santacatalinaproperties.com\/wp-content\/uploads\/2026\/09\/05_Carrer-de-Bartomeu-Pons-i-Coll-1A-768x512.jpg"},"post-thumbnail":{"file":"05_Carrer-de-Bartomeu-Pons-i-Coll-1A-150x100.jpg","width":150,"height":100,"mime-type":"image\/jpeg","filesize":6020,"url":"https:\/\/santacatalinaproperties.com\/wp-content\/uploads\/2026\/09\/05_Carrer-de-Bartomeu-Pons-i-Coll-1A-150x100.jpg"},"modern-property-child-slider":{"file":"05_Carrer-de-Bartomeu-Pons-i-Coll-1A-680x510.jpg","width":680,"height":510,"mime-type":"image\/jpeg","filesize":84656,"url":"https:\/\/santacatalinaproperties.com\/wp-content\/uploads\/2026\/09\/05_Carrer-de-Bartomeu-Pons-i-Coll-1A-680x510.jpg"},"property-thumb-image":{"file":"05_Carrer-de-Bartomeu-Pons-i-Coll-1A-488x326.jpg","width":488,"height":326,"mime-type":"image\/jpeg","filesize":43776,"url":"https:\/\/santacatalinaproperties.com\/wp-content\/uploads\/2026\/09\/05_Carrer-de-Bartomeu-Pons-i-Coll-1A-488x326.jpg"},"property-detail-video-image":{"file":"05_Carrer-de-Bartomeu-Pons-i-Coll-1A-818x417.jpg","width":818,"height":417,"mime-type":"image\/jpeg","filesize":90702,"url":"https:\/\/santacatalinaproperties.com\/wp-content\/uploads\/2026\/09\/05_Carrer-de-Bartomeu-Pons-i-Coll-1A-818x417.jpg"},"agent-image":{"file":"05_Carrer-de-Bartomeu-Pons-i-Coll-1A-210x210.jpg","width":210,"height":210,"mime-type":"image\/jpeg","filesize":13691,"url":"https:\/\/santacatalinaproperties.com\/wp-content\/uploads\/2026\/09\/05_Carrer-de-Bartomeu-Pons-i-Coll-1A-210x210.jpg"},"partners-logo":{"file":"05_Carrer-de-Bartomeu-Pons-i-Coll-1A-600x945.jpg","width":600,"height":945,"mime-type":"image\/jpeg","filesize":132809,"url":"https:\/\/santacatalinaproperties.com\/wp-content\/uploads\/2026\/09\/05_Carrer-de-Bartomeu-Pons-i-Coll-1A-600x945.jpg"},"post-featured-image":{"file":"05_Carrer-de-Bartomeu-Pons-i-Coll-1A-1240x720.jpg","width":1240,"height":720,"mime-type":"image\/jpeg","filesize":198306,"url":"https:\/\/santacatalinaproperties.com\/wp-content\/uploads\/2026\/09\/05_Carrer-de-Bartomeu-Pons-i-Coll-1A-1240x720.jpg"}},"image_meta":{"aperture":"9","credit":"Marcos Iso","camera":"ILCE-7M4","caption":"","created_timestamp":"1778148539","copyright":"Marcos Iso","focal_length":"28","iso":"200","shutter_speed":"0.00125","title":"","orientation":"1","keywords":["1A","2026","Carrer de Bartomeu Pons i Coll","bonanova","garage","gato","martin","mayo","palma","palma de mallorca","perros","piso","synergy homes"]},"ID":"34539","name":"05_Carrer-de-Bartomeu-Pons-i-Coll-1A.jpg","path":"\/home\/scatapro\/public_html\/wp-content\/uploads\/2026\/09\/05_Carrer-de-Bartomeu-Pons-i-Coll-1A.jpg","url":"https:\/\/santacatalinaproperties.com\/wp-content\/uploads\/2026\/09\/05_Carrer-de-Bartomeu-Pons-i-Coll-1A-150x150.jpg","full_url":"https:\/\/santacatalinaproperties.com\/wp-content\/uploads\/2026\/09\/05_Carrer-de-Bartomeu-Pons-i-Coll-1A.jpg","title":"05_Carrer de Bartomeu Pons i Coll, 1A","caption":"","description":"","alt":"","srcset":"https:\/\/santacatalinaproperties.com\/wp-content\/uploads\/2026\/09\/05_Carrer-de-Bartomeu-Pons-i-Coll-1A-150x150.jpg 150w, https:\/\/santacatalinaproperties.com\/wp-content\/uploads\/2026\/09\/05_Carrer-de-Bartomeu-Pons-i-Coll-1A-210x210.jpg 210w"},{"width":150,"height":150,"file":"2026\/09\/06_Carrer-de-Bartomeu-Pons-i-Coll-1A.jpg","filesize":432729,"sizes":{"medium":{"file":"06_Carrer-de-Bartomeu-Pons-i-Coll-1A-300x200.jpg","width":300,"height":200,"mime-type":"image\/jpeg","filesize":15271,"url":"https:\/\/santacatalinaproperties.com\/wp-content\/uploads\/2026\/09\/06_Carrer-de-Bartomeu-Pons-i-Coll-1A-300x200.jpg"},"large":{"file":"06_Carrer-de-Bartomeu-Pons-i-Coll-1A-1024x683.jpg","width":1024,"height":683,"mime-type":"image\/jpeg","filesize":111919,"url":"https:\/\/santacatalinaproperties.com\/wp-content\/uploads\/2026\/09\/06_Carrer-de-Bartomeu-Pons-i-Coll-1A-1024x683.jpg"},"thumbnail":{"file":"06_Carrer-de-Bartomeu-Pons-i-Coll-1A-150x150.jpg","width":150,"height":150,"mime-type":"image\/jpeg","filesize":6616,"url":"https:\/\/santacatalinaproperties.com\/wp-content\/uploads\/2026\/09\/06_Carrer-de-Bartomeu-Pons-i-Coll-1A-150x150.jpg"},"medium_large":{"file":"06_Carrer-de-Bartomeu-Pons-i-Coll-1A-768x512.jpg","width":768,"height":512,"mime-type":"image\/jpeg","filesize":69498,"url":"https:\/\/santacatalinaproperties.com\/wp-content\/uploads\/2026\/09\/06_Carrer-de-Bartomeu-Pons-i-Coll-1A-768x512.jpg"},"post-thumbnail":{"file":"06_Carrer-de-Bartomeu-Pons-i-Coll-1A-150x100.jpg","width":150,"height":100,"mime-type":"image\/jpeg","filesize":5220,"url":"https:\/\/santacatalinaproperties.com\/wp-content\/uploads\/2026\/09\/06_Carrer-de-Bartomeu-Pons-i-Coll-1A-150x100.jpg"},"modern-property-child-slider":{"file":"06_Carrer-de-Bartomeu-Pons-i-Coll-1A-680x510.jpg","width":680,"height":510,"mime-type":"image\/jpeg","filesize":61490,"url":"https:\/\/santacatalinaproperties.com\/wp-content\/uploads\/2026\/09\/06_Carrer-de-Bartomeu-Pons-i-Coll-1A-680x510.jpg"},"property-thumb-image":{"file":"06_Carrer-de-Bartomeu-Pons-i-Coll-1A-488x326.jpg","width":488,"height":326,"mime-type":"image\/jpeg","filesize":33625,"url":"https:\/\/santacatalinaproperties.com\/wp-content\/uploads\/2026\/09\/06_Carrer-de-Bartomeu-Pons-i-Coll-1A-488x326.jpg"},"property-detail-video-image":{"file":"06_Carrer-de-Bartomeu-Pons-i-Coll-1A-818x417.jpg","width":818,"height":417,"mime-type":"image\/jpeg","filesize":65367,"url":"https:\/\/santacatalinaproperties.com\/wp-content\/uploads\/2026\/09\/06_Carrer-de-Bartomeu-Pons-i-Coll-1A-818x417.jpg"},"agent-image":{"file":"06_Carrer-de-Bartomeu-Pons-i-Coll-1A-210x210.jpg","width":210,"height":210,"mime-type":"image\/jpeg","filesize":11487,"url":"https:\/\/santacatalinaproperties.com\/wp-content\/uploads\/2026\/09\/06_Carrer-de-Bartomeu-Pons-i-Coll-1A-210x210.jpg"},"partners-logo":{"file":"06_Carrer-de-Bartomeu-Pons-i-Coll-1A-600x945.jpg","width":600,"height":945,"mime-type":"image\/jpeg","filesize":100618,"url":"https:\/\/santacatalinaproperties.com\/wp-content\/uploads\/2026\/09\/06_Carrer-de-Bartomeu-Pons-i-Coll-1A-600x945.jpg"},"post-featured-image":{"file":"06_Carrer-de-Bartomeu-Pons-i-Coll-1A-1240x720.jpg","width":1240,"height":720,"mime-type":"image\/jpeg","filesize":138240,"url":"https:\/\/santacatalinaproperties.com\/wp-content\/uploads\/2026\/09\/06_Carrer-de-Bartomeu-Pons-i-Coll-1A-1240x720.jpg"}},"image_meta":{"aperture":"9","credit":"Marcos Iso","camera":"ILCE-7M4","caption":"","created_timestamp":"1778148679","copyright":"Marcos Iso","focal_length":"17","iso":"200","shutter_speed":"0.04","title":"","orientation":"1","keywords":["1A","2026","Carrer de Bartomeu Pons i Coll","bonanova","garage","gato","martin","mayo","palma","palma de mallorca","perros","piso","synergy homes"]},"ID":"34541","name":"06_Carrer-de-Bartomeu-Pons-i-Coll-1A.jpg","path":"\/home\/scatapro\/public_html\/wp-content\/uploads\/2026\/09\/06_Carrer-de-Bartomeu-Pons-i-Coll-1A.jpg","url":"https:\/\/santacatalinaproperties.com\/wp-content\/uploads\/2026\/09\/06_Carrer-de-Bartomeu-Pons-i-Coll-1A-150x150.jpg","full_url":"https:\/\/santacatalinaproperties.com\/wp-content\/uploads\/2026\/09\/06_Carrer-de-Bartomeu-Pons-i-Coll-1A.jpg","title":"06_Carrer de Bartomeu Pons i Coll, 1A","caption":"","description":"","alt":"","srcset":"https:\/\/santacatalinaproperties.com\/wp-content\/uploads\/2026\/09\/06_Carrer-de-Bartomeu-Pons-i-Coll-1A-150x150.jpg 150w, https:\/\/santacatalinaproperties.com\/wp-content\/uploads\/2026\/09\/06_Carrer-de-Bartomeu-Pons-i-Coll-1A-210x210.jpg 210w"},{"width":150,"height":150,"file":"2026\/09\/07_Carrer-de-Bartomeu-Pons-i-Coll-1A.jpg","filesize":368527,"sizes":{"medium":{"file":"07_Carrer-de-Bartomeu-Pons-i-Coll-1A-300x200.jpg","width":300,"height":200,"mime-type":"image\/jpeg","filesize":12930,"url":"https:\/\/santacatalinaproperties.com\/wp-content\/uploads\/2026\/09\/07_Carrer-de-Bartomeu-Pons-i-Coll-1A-300x200.jpg"},"large":{"file":"07_Carrer-de-Bartomeu-Pons-i-Coll-1A-1024x683.jpg","width":1024,"height":683,"mime-type":"image\/jpeg","filesize":97277,"url":"https:\/\/santacatalinaproperties.com\/wp-content\/uploads\/2026\/09\/07_Carrer-de-Bartomeu-Pons-i-Coll-1A-1024x683.jpg"},"thumbnail":{"file":"07_Carrer-de-Bartomeu-Pons-i-Coll-1A-150x150.jpg","width":150,"height":150,"mime-type":"image\/jpeg","filesize":5951,"url":"https:\/\/santacatalinaproperties.com\/wp-content\/uploads\/2026\/09\/07_Carrer-de-Bartomeu-Pons-i-Coll-1A-150x150.jpg"},"medium_large":{"file":"07_Carrer-de-Bartomeu-Pons-i-Coll-1A-768x512.jpg","width":768,"height":512,"mime-type":"image\/jpeg","filesize":59862,"url":"https:\/\/santacatalinaproperties.com\/wp-content\/uploads\/2026\/09\/07_Carrer-de-Bartomeu-Pons-i-Coll-1A-768x512.jpg"},"post-thumbnail":{"file":"07_Carrer-de-Bartomeu-Pons-i-Coll-1A-150x100.jpg","width":150,"height":100,"mime-type":"image\/jpeg","filesize":4655,"url":"https:\/\/santacatalinaproperties.com\/wp-content\/uploads\/2026\/09\/07_Carrer-de-Bartomeu-Pons-i-Coll-1A-150x100.jpg"},"modern-property-child-slider":{"file":"07_Carrer-de-Bartomeu-Pons-i-Coll-1A-680x510.jpg","width":680,"height":510,"mime-type":"image\/jpeg","filesize":54482,"url":"https:\/\/santacatalinaproperties.com\/wp-content\/uploads\/2026\/09\/07_Carrer-de-Bartomeu-Pons-i-Coll-1A-680x510.jpg"},"property-thumb-image":{"file":"07_Carrer-de-Bartomeu-Pons-i-Coll-1A-488x326.jpg","width":488,"height":326,"mime-type":"image\/jpeg","filesize":28708,"url":"https:\/\/santacatalinaproperties.com\/wp-content\/uploads\/2026\/09\/07_Carrer-de-Bartomeu-Pons-i-Coll-1A-488x326.jpg"},"property-detail-video-image":{"file":"07_Carrer-de-Bartomeu-Pons-i-Coll-1A-818x417.jpg","width":818,"height":417,"mime-type":"image\/jpeg","filesize":56703,"url":"https:\/\/santacatalinaproperties.com\/wp-content\/uploads\/2026\/09\/07_Carrer-de-Bartomeu-Pons-i-Coll-1A-818x417.jpg"},"agent-image":{"file":"07_Carrer-de-Bartomeu-Pons-i-Coll-1A-210x210.jpg","width":210,"height":210,"mime-type":"image\/jpeg","filesize":10056,"url":"https:\/\/santacatalinaproperties.com\/wp-content\/uploads\/2026\/09\/07_Carrer-de-Bartomeu-Pons-i-Coll-1A-210x210.jpg"},"partners-logo":{"file":"07_Carrer-de-Bartomeu-Pons-i-Coll-1A-600x945.jpg","width":600,"height":945,"mime-type":"image\/jpeg","filesize":80729,"url":"https:\/\/santacatalinaproperties.com\/wp-content\/uploads\/2026\/09\/07_Carrer-de-Bartomeu-Pons-i-Coll-1A-600x945.jpg"},"post-featured-image":{"file":"07_Carrer-de-Bartomeu-Pons-i-Coll-1A-1240x720.jpg","width":1240,"height":720,"mime-type":"image\/jpeg","filesize":120362,"url":"https:\/\/santacatalinaproperties.com\/wp-content\/uploads\/2026\/09\/07_Carrer-de-Bartomeu-Pons-i-Coll-1A-1240x720.jpg"}},"image_meta":{"aperture":"9","credit":"Marcos Iso","camera":"ILCE-7M4","caption":"","created_timestamp":"1778148837","copyright":"Marcos Iso","focal_length":"17","iso":"200","shutter_speed":"0.16666666666667","title":"","orientation":"1","keywords":["1A","2026","Carrer de Bartomeu Pons i Coll","bonanova","garage","gato","martin","mayo","palma","palma de mallorca","perros","piso","synergy homes"]},"ID":"34543","name":"07_Carrer-de-Bartomeu-Pons-i-Coll-1A.jpg","path":"\/home\/scatapro\/public_html\/wp-content\/uploads\/2026\/09\/07_Carrer-de-Bartomeu-Pons-i-Coll-1A.jpg","url":"https:\/\/santacatalinaproperties.com\/wp-content\/uploads\/2026\/09\/07_Carrer-de-Bartomeu-Pons-i-Coll-1A-150x150.jpg","full_url":"https:\/\/santacatalinaproperties.com\/wp-content\/uploads\/2026\/09\/07_Carrer-de-Bartomeu-Pons-i-Coll-1A.jpg","title":"07_Carrer de Bartomeu Pons i Coll, 1A","caption":"","description":"","alt":"","srcset":"https:\/\/santacatalinaproperties.com\/wp-content\/uploads\/2026\/09\/07_Carrer-de-Bartomeu-Pons-i-Coll-1A-150x150.jpg 150w, https:\/\/santacatalinaproperties.com\/wp-content\/uploads\/2026\/09\/07_Carrer-de-Bartomeu-Pons-i-Coll-1A-210x210.jpg 210w"},{"width":150,"height":150,"file":"2026\/09\/08_Carrer-de-Bartomeu-Pons-i-Coll-1A.jpg","filesize":472570,"sizes":{"medium":{"file":"08_Carrer-de-Bartomeu-Pons-i-Coll-1A-300x200.jpg","width":300,"height":200,"mime-type":"image\/jpeg","filesize":14627,"url":"https:\/\/santacatalinaproperties.com\/wp-content\/uploads\/2026\/09\/08_Carrer-de-Bartomeu-Pons-i-Coll-1A-300x200.jpg"},"large":{"file":"08_Carrer-de-Bartomeu-Pons-i-Coll-1A-1024x683.jpg","width":1024,"height":683,"mime-type":"image\/jpeg","filesize":110363,"url":"https:\/\/santacatalinaproperties.com\/wp-content\/uploads\/2026\/09\/08_Carrer-de-Bartomeu-Pons-i-Coll-1A-1024x683.jpg"},"thumbnail":{"file":"08_Carrer-de-Bartomeu-Pons-i-Coll-1A-150x150.jpg","width":150,"height":150,"mime-type":"image\/jpeg","filesize":6456,"url":"https:\/\/santacatalinaproperties.com\/wp-content\/uploads\/2026\/09\/08_Carrer-de-Bartomeu-Pons-i-Coll-1A-150x150.jpg"},"medium_large":{"file":"08_Carrer-de-Bartomeu-Pons-i-Coll-1A-768x512.jpg","width":768,"height":512,"mime-type":"image\/jpeg","filesize":67754,"url":"https:\/\/santacatalinaproperties.com\/wp-content\/uploads\/2026\/09\/08_Carrer-de-Bartomeu-Pons-i-Coll-1A-768x512.jpg"},"post-thumbnail":{"file":"08_Carrer-de-Bartomeu-Pons-i-Coll-1A-150x100.jpg","width":150,"height":100,"mime-type":"image\/jpeg","filesize":5162,"url":"https:\/\/santacatalinaproperties.com\/wp-content\/uploads\/2026\/09\/08_Carrer-de-Bartomeu-Pons-i-Coll-1A-150x100.jpg"},"modern-property-child-slider":{"file":"08_Carrer-de-Bartomeu-Pons-i-Coll-1A-680x510.jpg","width":680,"height":510,"mime-type":"image\/jpeg","filesize":61433,"url":"https:\/\/santacatalinaproperties.com\/wp-content\/uploads\/2026\/09\/08_Carrer-de-Bartomeu-Pons-i-Coll-1A-680x510.jpg"},"property-thumb-image":{"file":"08_Carrer-de-Bartomeu-Pons-i-Coll-1A-488x326.jpg","width":488,"height":326,"mime-type":"image\/jpeg","filesize":32300,"url":"https:\/\/santacatalinaproperties.com\/wp-content\/uploads\/2026\/09\/08_Carrer-de-Bartomeu-Pons-i-Coll-1A-488x326.jpg"},"property-detail-video-image":{"file":"08_Carrer-de-Bartomeu-Pons-i-Coll-1A-818x417.jpg","width":818,"height":417,"mime-type":"image\/jpeg","filesize":61640,"url":"https:\/\/santacatalinaproperties.com\/wp-content\/uploads\/2026\/09\/08_Carrer-de-Bartomeu-Pons-i-Coll-1A-818x417.jpg"},"agent-image":{"file":"08_Carrer-de-Bartomeu-Pons-i-Coll-1A-210x210.jpg","width":210,"height":210,"mime-type":"image\/jpeg","filesize":11117,"url":"https:\/\/santacatalinaproperties.com\/wp-content\/uploads\/2026\/09\/08_Carrer-de-Bartomeu-Pons-i-Coll-1A-210x210.jpg"},"partners-logo":{"file":"08_Carrer-de-Bartomeu-Pons-i-Coll-1A-600x945.jpg","width":600,"height":945,"mime-type":"image\/jpeg","filesize":95833,"url":"https:\/\/santacatalinaproperties.com\/wp-content\/uploads\/2026\/09\/08_Carrer-de-Bartomeu-Pons-i-Coll-1A-600x945.jpg"},"post-featured-image":{"file":"08_Carrer-de-Bartomeu-Pons-i-Coll-1A-1240x720.jpg","width":1240,"height":720,"mime-type":"image\/jpeg","filesize":134619,"url":"https:\/\/santacatalinaproperties.com\/wp-content\/uploads\/2026\/09\/08_Carrer-de-Bartomeu-Pons-i-Coll-1A-1240x720.jpg"}},"image_meta":{"aperture":"9","credit":"Marcos Iso","camera":"ILCE-7M4","caption":"","created_timestamp":"1778148991","copyright":"Marcos Iso","focal_length":"17","iso":"200","shutter_speed":"0.04","title":"","orientation":"1","keywords":["1A","2026","Carrer de Bartomeu Pons i Coll","bonanova","garage","gato","martin","mayo","palma","palma de mallorca","perros","piso","synergy homes"]},"ID":"34545","name":"08_Carrer-de-Bartomeu-Pons-i-Coll-1A.jpg","path":"\/home\/scatapro\/public_html\/wp-content\/uploads\/2026\/09\/08_Carrer-de-Bartomeu-Pons-i-Coll-1A.jpg","url":"https:\/\/santacatalinaproperties.com\/wp-content\/uploads\/2026\/09\/08_Carrer-de-Bartomeu-Pons-i-Coll-1A-150x150.jpg","full_url":"https:\/\/santacatalinaproperties.com\/wp-content\/uploads\/2026\/09\/08_Carrer-de-Bartomeu-Pons-i-Coll-1A.jpg","title":"08_Carrer de Bartomeu Pons i Coll, 1A","caption":"","description":"","alt":"","srcset":"https:\/\/santacatalinaproperties.com\/wp-content\/uploads\/2026\/09\/08_Carrer-de-Bartomeu-Pons-i-Coll-1A-150x150.jpg 150w, https:\/\/santacatalinaproperties.com\/wp-content\/uploads\/2026\/09\/08_Carrer-de-Bartomeu-Pons-i-Coll-1A-210x210.jpg 210w"},{"width":150,"height":150,"file":"2026\/09\/09_Carrer-de-Bartomeu-Pons-i-Coll-1A.jpg","filesize":494485,"sizes":{"medium":{"file":"09_Carrer-de-Bartomeu-Pons-i-Coll-1A-300x200.jpg","width":300,"height":200,"mime-type":"image\/jpeg","filesize":13750,"url":"https:\/\/santacatalinaproperties.com\/wp-content\/uploads\/2026\/09\/09_Carrer-de-Bartomeu-Pons-i-Coll-1A-300x200.jpg"},"large":{"file":"09_Carrer-de-Bartomeu-Pons-i-Coll-1A-1024x683.jpg","width":1024,"height":683,"mime-type":"image\/jpeg","filesize":101342,"url":"https:\/\/santacatalinaproperties.com\/wp-content\/uploads\/2026\/09\/09_Carrer-de-Bartomeu-Pons-i-Coll-1A-1024x683.jpg"},"thumbnail":{"file":"09_Carrer-de-Bartomeu-Pons-i-Coll-1A-150x150.jpg","width":150,"height":150,"mime-type":"image\/jpeg","filesize":6671,"url":"https:\/\/santacatalinaproperties.com\/wp-content\/uploads\/2026\/09\/09_Carrer-de-Bartomeu-Pons-i-Coll-1A-150x150.jpg"},"medium_large":{"file":"09_Carrer-de-Bartomeu-Pons-i-Coll-1A-768x512.jpg","width":768,"height":512,"mime-type":"image\/jpeg","filesize":62986,"url":"https:\/\/santacatalinaproperties.com\/wp-content\/uploads\/2026\/09\/09_Carrer-de-Bartomeu-Pons-i-Coll-1A-768x512.jpg"},"post-thumbnail":{"file":"09_Carrer-de-Bartomeu-Pons-i-Coll-1A-150x100.jpg","width":150,"height":100,"mime-type":"image\/jpeg","filesize":4879,"url":"https:\/\/santacatalinaproperties.com\/wp-content\/uploads\/2026\/09\/09_Carrer-de-Bartomeu-Pons-i-Coll-1A-150x100.jpg"},"modern-property-child-slider":{"file":"09_Carrer-de-Bartomeu-Pons-i-Coll-1A-680x510.jpg","width":680,"height":510,"mime-type":"image\/jpeg","filesize":58939,"url":"https:\/\/santacatalinaproperties.com\/wp-content\/uploads\/2026\/09\/09_Carrer-de-Bartomeu-Pons-i-Coll-1A-680x510.jpg"},"property-thumb-image":{"file":"09_Carrer-de-Bartomeu-Pons-i-Coll-1A-488x326.jpg","width":488,"height":326,"mime-type":"image\/jpeg","filesize":30324,"url":"https:\/\/santacatalinaproperties.com\/wp-content\/uploads\/2026\/09\/09_Carrer-de-Bartomeu-Pons-i-Coll-1A-488x326.jpg"},"property-detail-video-image":{"file":"09_Carrer-de-Bartomeu-Pons-i-Coll-1A-818x417.jpg","width":818,"height":417,"mime-type":"image\/jpeg","filesize":59584,"url":"https:\/\/santacatalinaproperties.com\/wp-content\/uploads\/2026\/09\/09_Carrer-de-Bartomeu-Pons-i-Coll-1A-818x417.jpg"},"agent-image":{"file":"09_Carrer-de-Bartomeu-Pons-i-Coll-1A-210x210.jpg","width":210,"height":210,"mime-type":"image\/jpeg","filesize":11176,"url":"https:\/\/santacatalinaproperties.com\/wp-content\/uploads\/2026\/09\/09_Carrer-de-Bartomeu-Pons-i-Coll-1A-210x210.jpg"},"partners-logo":{"file":"09_Carrer-de-Bartomeu-Pons-i-Coll-1A-600x945.jpg","width":600,"height":945,"mime-type":"image\/jpeg","filesize":88829,"url":"https:\/\/santacatalinaproperties.com\/wp-content\/uploads\/2026\/09\/09_Carrer-de-Bartomeu-Pons-i-Coll-1A-600x945.jpg"},"post-featured-image":{"file":"09_Carrer-de-Bartomeu-Pons-i-Coll-1A-1240x720.jpg","width":1240,"height":720,"mime-type":"image\/jpeg","filesize":125239,"url":"https:\/\/santacatalinaproperties.com\/wp-content\/uploads\/2026\/09\/09_Carrer-de-Bartomeu-Pons-i-Coll-1A-1240x720.jpg"}},"image_meta":{"aperture":"9","credit":"Marcos Iso","camera":"ILCE-7M4","caption":"","created_timestamp":"1778149147","copyright":"Marcos Iso","focal_length":"17","iso":"200","shutter_speed":"0.0125","title":"","orientation":"1","keywords":["1A","2026","Carrer de Bartomeu Pons i Coll","bonanova","garage","gato","martin","mayo","palma","palma de mallorca","perros","piso","synergy homes"]},"ID":"34547","name":"09_Carrer-de-Bartomeu-Pons-i-Coll-1A.jpg","path":"\/home\/scatapro\/public_html\/wp-content\/uploads\/2026\/09\/09_Carrer-de-Bartomeu-Pons-i-Coll-1A.jpg","url":"https:\/\/santacatalinaproperties.com\/wp-content\/uploads\/2026\/09\/09_Carrer-de-Bartomeu-Pons-i-Coll-1A-150x150.jpg","full_url":"https:\/\/santacatalinaproperties.com\/wp-content\/uploads\/2026\/09\/09_Carrer-de-Bartomeu-Pons-i-Coll-1A.jpg","title":"09_Carrer de Bartomeu Pons i Coll, 1A","caption":"","description":"","alt":"","srcset":"https:\/\/santacatalinaproperties.com\/wp-content\/uploads\/2026\/09\/09_Carrer-de-Bartomeu-Pons-i-Coll-1A-150x150.jpg 150w, https:\/\/santacatalinaproperties.com\/wp-content\/uploads\/2026\/09\/09_Carrer-de-Bartomeu-Pons-i-Coll-1A-210x210.jpg 210w"},{"width":150,"height":150,"file":"2026\/09\/10_Carrer-de-Bartomeu-Pons-i-Coll-1A.jpg","filesize":366939,"sizes":{"medium":{"file":"10_Carrer-de-Bartomeu-Pons-i-Coll-1A-300x200.jpg","width":300,"height":200,"mime-type":"image\/jpeg","filesize":11816,"url":"https:\/\/santacatalinaproperties.com\/wp-content\/uploads\/2026\/09\/10_Carrer-de-Bartomeu-Pons-i-Coll-1A-300x200.jpg"},"large":{"file":"10_Carrer-de-Bartomeu-Pons-i-Coll-1A-1024x683.jpg","width":1024,"height":683,"mime-type":"image\/jpeg","filesize":85065,"url":"https:\/\/santacatalinaproperties.com\/wp-content\/uploads\/2026\/09\/10_Carrer-de-Bartomeu-Pons-i-Coll-1A-1024x683.jpg"},"thumbnail":{"file":"10_Carrer-de-Bartomeu-Pons-i-Coll-1A-150x150.jpg","width":150,"height":150,"mime-type":"image\/jpeg","filesize":5323,"url":"https:\/\/santacatalinaproperties.com\/wp-content\/uploads\/2026\/09\/10_Carrer-de-Bartomeu-Pons-i-Coll-1A-150x150.jpg"},"medium_large":{"file":"10_Carrer-de-Bartomeu-Pons-i-Coll-1A-768x512.jpg","width":768,"height":512,"mime-type":"image\/jpeg","filesize":52632,"url":"https:\/\/santacatalinaproperties.com\/wp-content\/uploads\/2026\/09\/10_Carrer-de-Bartomeu-Pons-i-Coll-1A-768x512.jpg"},"post-thumbnail":{"file":"10_Carrer-de-Bartomeu-Pons-i-Coll-1A-150x100.jpg","width":150,"height":100,"mime-type":"image\/jpeg","filesize":4430,"url":"https:\/\/santacatalinaproperties.com\/wp-content\/uploads\/2026\/09\/10_Carrer-de-Bartomeu-Pons-i-Coll-1A-150x100.jpg"},"modern-property-child-slider":{"file":"10_Carrer-de-Bartomeu-Pons-i-Coll-1A-680x510.jpg","width":680,"height":510,"mime-type":"image\/jpeg","filesize":46256,"url":"https:\/\/santacatalinaproperties.com\/wp-content\/uploads\/2026\/09\/10_Carrer-de-Bartomeu-Pons-i-Coll-1A-680x510.jpg"},"property-thumb-image":{"file":"10_Carrer-de-Bartomeu-Pons-i-Coll-1A-488x326.jpg","width":488,"height":326,"mime-type":"image\/jpeg","filesize":25355,"url":"https:\/\/santacatalinaproperties.com\/wp-content\/uploads\/2026\/09\/10_Carrer-de-Bartomeu-Pons-i-Coll-1A-488x326.jpg"},"property-detail-video-image":{"file":"10_Carrer-de-Bartomeu-Pons-i-Coll-1A-818x417.jpg","width":818,"height":417,"mime-type":"image\/jpeg","filesize":47817,"url":"https:\/\/santacatalinaproperties.com\/wp-content\/uploads\/2026\/09\/10_Carrer-de-Bartomeu-Pons-i-Coll-1A-818x417.jpg"},"agent-image":{"file":"10_Carrer-de-Bartomeu-Pons-i-Coll-1A-210x210.jpg","width":210,"height":210,"mime-type":"image\/jpeg","filesize":8996,"url":"https:\/\/santacatalinaproperties.com\/wp-content\/uploads\/2026\/09\/10_Carrer-de-Bartomeu-Pons-i-Coll-1A-210x210.jpg"},"partners-logo":{"file":"10_Carrer-de-Bartomeu-Pons-i-Coll-1A-600x945.jpg","width":600,"height":945,"mime-type":"image\/jpeg","filesize":67135,"url":"https:\/\/santacatalinaproperties.com\/wp-content\/uploads\/2026\/09\/10_Carrer-de-Bartomeu-Pons-i-Coll-1A-600x945.jpg"},"post-featured-image":{"file":"10_Carrer-de-Bartomeu-Pons-i-Coll-1A-1240x720.jpg","width":1240,"height":720,"mime-type":"image\/jpeg","filesize":103709,"url":"https:\/\/santacatalinaproperties.com\/wp-content\/uploads\/2026\/09\/10_Carrer-de-Bartomeu-Pons-i-Coll-1A-1240x720.jpg"}},"image_meta":{"aperture":"9","credit":"Marcos Iso","camera":"ILCE-7M4","caption":"","created_timestamp":"1778149239","copyright":"Marcos Iso","focal_length":"17","iso":"200","shutter_speed":"0.076923076923077","title":"","orientation":"1","keywords":["1A","2026","Carrer de Bartomeu Pons i Coll","bonanova","garage","gato","martin","mayo","palma","palma de mallorca","perros","piso","synergy homes"]},"ID":"34549","name":"10_Carrer-de-Bartomeu-Pons-i-Coll-1A.jpg","path":"\/home\/scatapro\/public_html\/wp-content\/uploads\/2026\/09\/10_Carrer-de-Bartomeu-Pons-i-Coll-1A.jpg","url":"https:\/\/santacatalinaproperties.com\/wp-content\/uploads\/2026\/09\/10_Carrer-de-Bartomeu-Pons-i-Coll-1A-150x150.jpg","full_url":"https:\/\/santacatalinaproperties.com\/wp-content\/uploads\/2026\/09\/10_Carrer-de-Bartomeu-Pons-i-Coll-1A.jpg","title":"10_Carrer de Bartomeu Pons i Coll, 1A","caption":"","description":"","alt":"","srcset":"https:\/\/santacatalinaproperties.com\/wp-content\/uploads\/2026\/09\/10_Carrer-de-Bartomeu-Pons-i-Coll-1A-150x150.jpg 150w, https:\/\/santacatalinaproperties.com\/wp-content\/uploads\/2026\/09\/10_Carrer-de-Bartomeu-Pons-i-Coll-1A-210x210.jpg 210w"},{"width":150,"height":150,"file":"2026\/09\/11_Carrer-de-Bartomeu-Pons-i-Coll-1A.jpg","filesize":514170,"sizes":{"medium":{"file":"11_Carrer-de-Bartomeu-Pons-i-Coll-1A-300x200.jpg","width":300,"height":200,"mime-type":"image\/jpeg","filesize":13230,"url":"https:\/\/santacatalinaproperties.com\/wp-content\/uploads\/2026\/09\/11_Carrer-de-Bartomeu-Pons-i-Coll-1A-300x200.jpg"},"large":{"file":"11_Carrer-de-Bartomeu-Pons-i-Coll-1A-1024x683.jpg","width":1024,"height":683,"mime-type":"image\/jpeg","filesize":92485,"url":"https:\/\/santacatalinaproperties.com\/wp-content\/uploads\/2026\/09\/11_Carrer-de-Bartomeu-Pons-i-Coll-1A-1024x683.jpg"},"thumbnail":{"file":"11_Carrer-de-Bartomeu-Pons-i-Coll-1A-150x150.jpg","width":150,"height":150,"mime-type":"image\/jpeg","filesize":6298,"url":"https:\/\/santacatalinaproperties.com\/wp-content\/uploads\/2026\/09\/11_Carrer-de-Bartomeu-Pons-i-Coll-1A-150x150.jpg"},"medium_large":{"file":"11_Carrer-de-Bartomeu-Pons-i-Coll-1A-768x512.jpg","width":768,"height":512,"mime-type":"image\/jpeg","filesize":58134,"url":"https:\/\/santacatalinaproperties.com\/wp-content\/uploads\/2026\/09\/11_Carrer-de-Bartomeu-Pons-i-Coll-1A-768x512.jpg"},"post-thumbnail":{"file":"11_Carrer-de-Bartomeu-Pons-i-Coll-1A-150x100.jpg","width":150,"height":100,"mime-type":"image\/jpeg","filesize":4812,"url":"https:\/\/santacatalinaproperties.com\/wp-content\/uploads\/2026\/09\/11_Carrer-de-Bartomeu-Pons-i-Coll-1A-150x100.jpg"},"modern-property-child-slider":{"file":"11_Carrer-de-Bartomeu-Pons-i-Coll-1A-680x510.jpg","width":680,"height":510,"mime-type":"image\/jpeg","filesize":52481,"url":"https:\/\/santacatalinaproperties.com\/wp-content\/uploads\/2026\/09\/11_Carrer-de-Bartomeu-Pons-i-Coll-1A-680x510.jpg"},"property-thumb-image":{"file":"11_Carrer-de-Bartomeu-Pons-i-Coll-1A-488x326.jpg","width":488,"height":326,"mime-type":"image\/jpeg","filesize":28135,"url":"https:\/\/santacatalinaproperties.com\/wp-content\/uploads\/2026\/09\/11_Carrer-de-Bartomeu-Pons-i-Coll-1A-488x326.jpg"},"property-detail-video-image":{"file":"11_Carrer-de-Bartomeu-Pons-i-Coll-1A-818x417.jpg","width":818,"height":417,"mime-type":"image\/jpeg","filesize":53773,"url":"https:\/\/santacatalinaproperties.com\/wp-content\/uploads\/2026\/09\/11_Carrer-de-Bartomeu-Pons-i-Coll-1A-818x417.jpg"},"agent-image":{"file":"11_Carrer-de-Bartomeu-Pons-i-Coll-1A-210x210.jpg","width":210,"height":210,"mime-type":"image\/jpeg","filesize":10473,"url":"https:\/\/santacatalinaproperties.com\/wp-content\/uploads\/2026\/09\/11_Carrer-de-Bartomeu-Pons-i-Coll-1A-210x210.jpg"},"partners-logo":{"file":"11_Carrer-de-Bartomeu-Pons-i-Coll-1A-600x945.jpg","width":600,"height":945,"mime-type":"image\/jpeg","filesize":80409,"url":"https:\/\/santacatalinaproperties.com\/wp-content\/uploads\/2026\/09\/11_Carrer-de-Bartomeu-Pons-i-Coll-1A-600x945.jpg"},"post-featured-image":{"file":"11_Carrer-de-Bartomeu-Pons-i-Coll-1A-1240x720.jpg","width":1240,"height":720,"mime-type":"image\/jpeg","filesize":113579,"url":"https:\/\/santacatalinaproperties.com\/wp-content\/uploads\/2026\/09\/11_Carrer-de-Bartomeu-Pons-i-Coll-1A-1240x720.jpg"}},"image_meta":{"aperture":"9","credit":"Marcos Iso","camera":"ILCE-7M4","caption":"","created_timestamp":"1778149315","copyright":"Marcos Iso","focal_length":"17","iso":"200","shutter_speed":"0.016666666666667","title":"","orientation":"1","keywords":["1A","2026","Carrer de Bartomeu Pons i Coll","bonanova","garage","gato","martin","mayo","palma","palma de mallorca","perros","piso","synergy homes"]},"ID":"34551","name":"11_Carrer-de-Bartomeu-Pons-i-Coll-1A.jpg","path":"\/home\/scatapro\/public_html\/wp-content\/uploads\/2026\/09\/11_Carrer-de-Bartomeu-Pons-i-Coll-1A.jpg","url":"https:\/\/santacatalinaproperties.com\/wp-content\/uploads\/2026\/09\/11_Carrer-de-Bartomeu-Pons-i-Coll-1A-150x150.jpg","full_url":"https:\/\/santacatalinaproperties.com\/wp-content\/uploads\/2026\/09\/11_Carrer-de-Bartomeu-Pons-i-Coll-1A.jpg","title":"11_Carrer de Bartomeu Pons i Coll, 1A","caption":"","description":"","alt":"","srcset":"https:\/\/santacatalinaproperties.com\/wp-content\/uploads\/2026\/09\/11_Carrer-de-Bartomeu-Pons-i-Coll-1A-150x150.jpg 150w, https:\/\/santacatalinaproperties.com\/wp-content\/uploads\/2026\/09\/11_Carrer-de-Bartomeu-Pons-i-Coll-1A-210x210.jpg 210w"},{"width":150,"height":150,"file":"2026\/09\/12_Carrer-de-Bartomeu-Pons-i-Coll-1A.jpg","filesize":371762,"sizes":{"medium":{"file":"12_Carrer-de-Bartomeu-Pons-i-Coll-1A-300x200.jpg","width":300,"height":200,"mime-type":"image\/jpeg","filesize":11557,"url":"https:\/\/santacatalinaproperties.com\/wp-content\/uploads\/2026\/09\/12_Carrer-de-Bartomeu-Pons-i-Coll-1A-300x200.jpg"},"large":{"file":"12_Carrer-de-Bartomeu-Pons-i-Coll-1A-1024x683.jpg","width":1024,"height":683,"mime-type":"image\/jpeg","filesize":88579,"url":"https:\/\/santacatalinaproperties.com\/wp-content\/uploads\/2026\/09\/12_Carrer-de-Bartomeu-Pons-i-Coll-1A-1024x683.jpg"},"thumbnail":{"file":"12_Carrer-de-Bartomeu-Pons-i-Coll-1A-150x150.jpg","width":150,"height":150,"mime-type":"image\/jpeg","filesize":6075,"url":"https:\/\/santacatalinaproperties.com\/wp-content\/uploads\/2026\/09\/12_Carrer-de-Bartomeu-Pons-i-Coll-1A-150x150.jpg"},"medium_large":{"file":"12_Carrer-de-Bartomeu-Pons-i-Coll-1A-768x512.jpg","width":768,"height":512,"mime-type":"image\/jpeg","filesize":54762,"url":"https:\/\/santacatalinaproperties.com\/wp-content\/uploads\/2026\/09\/12_Carrer-de-Bartomeu-Pons-i-Coll-1A-768x512.jpg"},"post-thumbnail":{"file":"12_Carrer-de-Bartomeu-Pons-i-Coll-1A-150x100.jpg","width":150,"height":100,"mime-type":"image\/jpeg","filesize":4341,"url":"https:\/\/santacatalinaproperties.com\/wp-content\/uploads\/2026\/09\/12_Carrer-de-Bartomeu-Pons-i-Coll-1A-150x100.jpg"},"modern-property-child-slider":{"file":"12_Carrer-de-Bartomeu-Pons-i-Coll-1A-680x510.jpg","width":680,"height":510,"mime-type":"image\/jpeg","filesize":50116,"url":"https:\/\/santacatalinaproperties.com\/wp-content\/uploads\/2026\/09\/12_Carrer-de-Bartomeu-Pons-i-Coll-1A-680x510.jpg"},"property-thumb-image":{"file":"12_Carrer-de-Bartomeu-Pons-i-Coll-1A-488x326.jpg","width":488,"height":326,"mime-type":"image\/jpeg","filesize":25564,"url":"https:\/\/santacatalinaproperties.com\/wp-content\/uploads\/2026\/09\/12_Carrer-de-Bartomeu-Pons-i-Coll-1A-488x326.jpg"},"property-detail-video-image":{"file":"12_Carrer-de-Bartomeu-Pons-i-Coll-1A-818x417.jpg","width":818,"height":417,"mime-type":"image\/jpeg","filesize":49701,"url":"https:\/\/santacatalinaproperties.com\/wp-content\/uploads\/2026\/09\/12_Carrer-de-Bartomeu-Pons-i-Coll-1A-818x417.jpg"},"agent-image":{"file":"12_Carrer-de-Bartomeu-Pons-i-Coll-1A-210x210.jpg","width":210,"height":210,"mime-type":"image\/jpeg","filesize":10304,"url":"https:\/\/santacatalinaproperties.com\/wp-content\/uploads\/2026\/09\/12_Carrer-de-Bartomeu-Pons-i-Coll-1A-210x210.jpg"},"partners-logo":{"file":"12_Carrer-de-Bartomeu-Pons-i-Coll-1A-600x945.jpg","width":600,"height":945,"mime-type":"image\/jpeg","filesize":102620,"url":"https:\/\/santacatalinaproperties.com\/wp-content\/uploads\/2026\/09\/12_Carrer-de-Bartomeu-Pons-i-Coll-1A-600x945.jpg"},"post-featured-image":{"file":"12_Carrer-de-Bartomeu-Pons-i-Coll-1A-1240x720.jpg","width":1240,"height":720,"mime-type":"image\/jpeg","filesize":109374,"url":"https:\/\/santacatalinaproperties.com\/wp-content\/uploads\/2026\/09\/12_Carrer-de-Bartomeu-Pons-i-Coll-1A-1240x720.jpg"}},"image_meta":{"aperture":"9","credit":"Marcos Iso","camera":"ILCE-7M4","caption":"","created_timestamp":"1778149386","copyright":"Marcos Iso","focal_length":"17","iso":"200","shutter_speed":"0.076923076923077","title":"","orientation":"1","keywords":["1A","2026","Carrer de Bartomeu Pons i Coll","bonanova","garage","gato","martin","mayo","palma","palma de mallorca","perros","piso","synergy homes"]},"ID":"34553","name":"12_Carrer-de-Bartomeu-Pons-i-Coll-1A.jpg","path":"\/home\/scatapro\/public_html\/wp-content\/uploads\/2026\/09\/12_Carrer-de-Bartomeu-Pons-i-Coll-1A.jpg","url":"https:\/\/santacatalinaproperties.com\/wp-content\/uploads\/2026\/09\/12_Carrer-de-Bartomeu-Pons-i-Coll-1A-150x150.jpg","full_url":"https:\/\/santacatalinaproperties.com\/wp-content\/uploads\/2026\/09\/12_Carrer-de-Bartomeu-Pons-i-Coll-1A.jpg","title":"12_Carrer de Bartomeu Pons i Coll, 1A","caption":"","description":"","alt":"","srcset":"https:\/\/santacatalinaproperties.com\/wp-content\/uploads\/2026\/09\/12_Carrer-de-Bartomeu-Pons-i-Coll-1A-150x150.jpg 150w, https:\/\/santacatalinaproperties.com\/wp-content\/uploads\/2026\/09\/12_Carrer-de-Bartomeu-Pons-i-Coll-1A-210x210.jpg 210w"},{"width":150,"height":150,"file":"2026\/09\/13_Carrer-de-Bartomeu-Pons-i-Coll-1A.jpg","filesize":450991,"sizes":{"medium":{"file":"13_Carrer-de-Bartomeu-Pons-i-Coll-1A-300x200.jpg","width":300,"height":200,"mime-type":"image\/jpeg","filesize":13479,"url":"https:\/\/santacatalinaproperties.com\/wp-content\/uploads\/2026\/09\/13_Carrer-de-Bartomeu-Pons-i-Coll-1A-300x200.jpg"},"large":{"file":"13_Carrer-de-Bartomeu-Pons-i-Coll-1A-1024x683.jpg","width":1024,"height":683,"mime-type":"image\/jpeg","filesize":100047,"url":"https:\/\/santacatalinaproperties.com\/wp-content\/uploads\/2026\/09\/13_Carrer-de-Bartomeu-Pons-i-Coll-1A-1024x683.jpg"},"thumbnail":{"file":"13_Carrer-de-Bartomeu-Pons-i-Coll-1A-150x150.jpg","width":150,"height":150,"mime-type":"image\/jpeg","filesize":6389,"url":"https:\/\/santacatalinaproperties.com\/wp-content\/uploads\/2026\/09\/13_Carrer-de-Bartomeu-Pons-i-Coll-1A-150x150.jpg"},"medium_large":{"file":"13_Carrer-de-Bartomeu-Pons-i-Coll-1A-768x512.jpg","width":768,"height":512,"mime-type":"image\/jpeg","filesize":61408,"url":"https:\/\/santacatalinaproperties.com\/wp-content\/uploads\/2026\/09\/13_Carrer-de-Bartomeu-Pons-i-Coll-1A-768x512.jpg"},"post-thumbnail":{"file":"13_Carrer-de-Bartomeu-Pons-i-Coll-1A-150x100.jpg","width":150,"height":100,"mime-type":"image\/jpeg","filesize":4933,"url":"https:\/\/santacatalinaproperties.com\/wp-content\/uploads\/2026\/09\/13_Carrer-de-Bartomeu-Pons-i-Coll-1A-150x100.jpg"},"modern-property-child-slider":{"file":"13_Carrer-de-Bartomeu-Pons-i-Coll-1A-680x510.jpg","width":680,"height":510,"mime-type":"image\/jpeg","filesize":57415,"url":"https:\/\/santacatalinaproperties.com\/wp-content\/uploads\/2026\/09\/13_Carrer-de-Bartomeu-Pons-i-Coll-1A-680x510.jpg"},"property-thumb-image":{"file":"13_Carrer-de-Bartomeu-Pons-i-Coll-1A-488x326.jpg","width":488,"height":326,"mime-type":"image\/jpeg","filesize":29657,"url":"https:\/\/santacatalinaproperties.com\/wp-content\/uploads\/2026\/09\/13_Carrer-de-Bartomeu-Pons-i-Coll-1A-488x326.jpg"},"property-detail-video-image":{"file":"13_Carrer-de-Bartomeu-Pons-i-Coll-1A-818x417.jpg","width":818,"height":417,"mime-type":"image\/jpeg","filesize":56758,"url":"https:\/\/santacatalinaproperties.com\/wp-content\/uploads\/2026\/09\/13_Carrer-de-Bartomeu-Pons-i-Coll-1A-818x417.jpg"},"agent-image":{"file":"13_Carrer-de-Bartomeu-Pons-i-Coll-1A-210x210.jpg","width":210,"height":210,"mime-type":"image\/jpeg","filesize":10760,"url":"https:\/\/santacatalinaproperties.com\/wp-content\/uploads\/2026\/09\/13_Carrer-de-Bartomeu-Pons-i-Coll-1A-210x210.jpg"},"partners-logo":{"file":"13_Carrer-de-Bartomeu-Pons-i-Coll-1A-600x945.jpg","width":600,"height":945,"mime-type":"image\/jpeg","filesize":81456,"url":"https:\/\/santacatalinaproperties.com\/wp-content\/uploads\/2026\/09\/13_Carrer-de-Bartomeu-Pons-i-Coll-1A-600x945.jpg"},"post-featured-image":{"file":"13_Carrer-de-Bartomeu-Pons-i-Coll-1A-1240x720.jpg","width":1240,"height":720,"mime-type":"image\/jpeg","filesize":124651,"url":"https:\/\/santacatalinaproperties.com\/wp-content\/uploads\/2026\/09\/13_Carrer-de-Bartomeu-Pons-i-Coll-1A-1240x720.jpg"}},"image_meta":{"aperture":"9","credit":"Marcos Iso","camera":"ILCE-7M4","caption":"","created_timestamp":"1778149433","copyright":"Marcos Iso","focal_length":"17","iso":"200","shutter_speed":"0.025","title":"","orientation":"1","keywords":["1A","2026","Carrer de Bartomeu Pons i Coll","bonanova","garage","gato","martin","mayo","palma","palma de mallorca","perros","piso","synergy homes"]},"ID":"34555","name":"13_Carrer-de-Bartomeu-Pons-i-Coll-1A.jpg","path":"\/home\/scatapro\/public_html\/wp-content\/uploads\/2026\/09\/13_Carrer-de-Bartomeu-Pons-i-Coll-1A.jpg","url":"https:\/\/santacatalinaproperties.com\/wp-content\/uploads\/2026\/09\/13_Carrer-de-Bartomeu-Pons-i-Coll-1A-150x150.jpg","full_url":"https:\/\/santacatalinaproperties.com\/wp-content\/uploads\/2026\/09\/13_Carrer-de-Bartomeu-Pons-i-Coll-1A.jpg","title":"13_Carrer de Bartomeu Pons i Coll, 1A","caption":"","description":"","alt":"","srcset":"https:\/\/santacatalinaproperties.com\/wp-content\/uploads\/2026\/09\/13_Carrer-de-Bartomeu-Pons-i-Coll-1A-150x150.jpg 150w, https:\/\/santacatalinaproperties.com\/wp-content\/uploads\/2026\/09\/13_Carrer-de-Bartomeu-Pons-i-Coll-1A-210x210.jpg 210w"},{"width":150,"height":150,"file":"2026\/09\/14_Carrer-de-Bartomeu-Pons-i-Coll-1A.jpg","filesize":727039,"sizes":{"medium":{"file":"14_Carrer-de-Bartomeu-Pons-i-Coll-1A-300x200.jpg","width":300,"height":200,"mime-type":"image\/jpeg","filesize":17334,"url":"https:\/\/santacatalinaproperties.com\/wp-content\/uploads\/2026\/09\/14_Carrer-de-Bartomeu-Pons-i-Coll-1A-300x200.jpg"},"large":{"file":"14_Carrer-de-Bartomeu-Pons-i-Coll-1A-1024x683.jpg","width":1024,"height":683,"mime-type":"image\/jpeg","filesize":152041,"url":"https:\/\/santacatalinaproperties.com\/wp-content\/uploads\/2026\/09\/14_Carrer-de-Bartomeu-Pons-i-Coll-1A-1024x683.jpg"},"thumbnail":{"file":"14_Carrer-de-Bartomeu-Pons-i-Coll-1A-150x150.jpg","width":150,"height":150,"mime-type":"image\/jpeg","filesize":7660,"url":"https:\/\/santacatalinaproperties.com\/wp-content\/uploads\/2026\/09\/14_Carrer-de-Bartomeu-Pons-i-Coll-1A-150x150.jpg"},"medium_large":{"file":"14_Carrer-de-Bartomeu-Pons-i-Coll-1A-768x512.jpg","width":768,"height":512,"mime-type":"image\/jpeg","filesize":90033,"url":"https:\/\/santacatalinaproperties.com\/wp-content\/uploads\/2026\/09\/14_Carrer-de-Bartomeu-Pons-i-Coll-1A-768x512.jpg"},"post-thumbnail":{"file":"14_Carrer-de-Bartomeu-Pons-i-Coll-1A-150x100.jpg","width":150,"height":100,"mime-type":"image\/jpeg","filesize":5738,"url":"https:\/\/santacatalinaproperties.com\/wp-content\/uploads\/2026\/09\/14_Carrer-de-Bartomeu-Pons-i-Coll-1A-150x100.jpg"},"modern-property-child-slider":{"file":"14_Carrer-de-Bartomeu-Pons-i-Coll-1A-680x510.jpg","width":680,"height":510,"mime-type":"image\/jpeg","filesize":80714,"url":"https:\/\/santacatalinaproperties.com\/wp-content\/uploads\/2026\/09\/14_Carrer-de-Bartomeu-Pons-i-Coll-1A-680x510.jpg"},"property-thumb-image":{"file":"14_Carrer-de-Bartomeu-Pons-i-Coll-1A-488x326.jpg","width":488,"height":326,"mime-type":"image\/jpeg","filesize":40287,"url":"https:\/\/santacatalinaproperties.com\/wp-content\/uploads\/2026\/09\/14_Carrer-de-Bartomeu-Pons-i-Coll-1A-488x326.jpg"},"property-detail-video-image":{"file":"14_Carrer-de-Bartomeu-Pons-i-Coll-1A-818x417.jpg","width":818,"height":417,"mime-type":"image\/jpeg","filesize":78245,"url":"https:\/\/santacatalinaproperties.com\/wp-content\/uploads\/2026\/09\/14_Carrer-de-Bartomeu-Pons-i-Coll-1A-818x417.jpg"},"agent-image":{"file":"14_Carrer-de-Bartomeu-Pons-i-Coll-1A-210x210.jpg","width":210,"height":210,"mime-type":"image\/jpeg","filesize":13108,"url":"https:\/\/santacatalinaproperties.com\/wp-content\/uploads\/2026\/09\/14_Carrer-de-Bartomeu-Pons-i-Coll-1A-210x210.jpg"},"partners-logo":{"file":"14_Carrer-de-Bartomeu-Pons-i-Coll-1A-600x945.jpg","width":600,"height":945,"mime-type":"image\/jpeg","filesize":122605,"url":"https:\/\/santacatalinaproperties.com\/wp-content\/uploads\/2026\/09\/14_Carrer-de-Bartomeu-Pons-i-Coll-1A-600x945.jpg"},"post-featured-image":{"file":"14_Carrer-de-Bartomeu-Pons-i-Coll-1A-1240x720.jpg","width":1240,"height":720,"mime-type":"image\/jpeg","filesize":184067,"url":"https:\/\/santacatalinaproperties.com\/wp-content\/uploads\/2026\/09\/14_Carrer-de-Bartomeu-Pons-i-Coll-1A-1240x720.jpg"}},"image_meta":{"aperture":"9","credit":"Marcos Iso","camera":"ILCE-7M4","caption":"","created_timestamp":"1778149454","copyright":"Marcos Iso","focal_length":"17","iso":"200","shutter_speed":"0.0125","title":"","orientation":"1","keywords":["1A","2026","Carrer de Bartomeu Pons i Coll","bonanova","garage","gato","martin","mayo","palma","palma de mallorca","perros","piso","synergy homes"]},"ID":"34557","name":"14_Carrer-de-Bartomeu-Pons-i-Coll-1A.jpg","path":"\/home\/scatapro\/public_html\/wp-content\/uploads\/2026\/09\/14_Carrer-de-Bartomeu-Pons-i-Coll-1A.jpg","url":"https:\/\/santacatalinaproperties.com\/wp-content\/uploads\/2026\/09\/14_Carrer-de-Bartomeu-Pons-i-Coll-1A-150x150.jpg","full_url":"https:\/\/santacatalinaproperties.com\/wp-content\/uploads\/2026\/09\/14_Carrer-de-Bartomeu-Pons-i-Coll-1A.jpg","title":"14_Carrer de Bartomeu Pons i Coll, 1A","caption":"","description":"","alt":"","srcset":"https:\/\/santacatalinaproperties.com\/wp-content\/uploads\/2026\/09\/14_Carrer-de-Bartomeu-Pons-i-Coll-1A-150x150.jpg 150w, https:\/\/santacatalinaproperties.com\/wp-content\/uploads\/2026\/09\/14_Carrer-de-Bartomeu-Pons-i-Coll-1A-210x210.jpg 210w"},{"width":150,"height":150,"file":"2026\/09\/15_Carrer-de-Bartomeu-Pons-i-Coll-1A.jpg","filesize":271904,"sizes":{"medium":{"file":"15_Carrer-de-Bartomeu-Pons-i-Coll-1A-300x200.jpg","width":300,"height":200,"mime-type":"image\/jpeg","filesize":10583,"url":"https:\/\/santacatalinaproperties.com\/wp-content\/uploads\/2026\/09\/15_Carrer-de-Bartomeu-Pons-i-Coll-1A-300x200.jpg"},"large":{"file":"15_Carrer-de-Bartomeu-Pons-i-Coll-1A-1024x683.jpg","width":1024,"height":683,"mime-type":"image\/jpeg","filesize":70957,"url":"https:\/\/santacatalinaproperties.com\/wp-content\/uploads\/2026\/09\/15_Carrer-de-Bartomeu-Pons-i-Coll-1A-1024x683.jpg"},"thumbnail":{"file":"15_Carrer-de-Bartomeu-Pons-i-Coll-1A-150x150.jpg","width":150,"height":150,"mime-type":"image\/jpeg","filesize":5269,"url":"https:\/\/santacatalinaproperties.com\/wp-content\/uploads\/2026\/09\/15_Carrer-de-Bartomeu-Pons-i-Coll-1A-150x150.jpg"},"medium_large":{"file":"15_Carrer-de-Bartomeu-Pons-i-Coll-1A-768x512.jpg","width":768,"height":512,"mime-type":"image\/jpeg","filesize":44124,"url":"https:\/\/santacatalinaproperties.com\/wp-content\/uploads\/2026\/09\/15_Carrer-de-Bartomeu-Pons-i-Coll-1A-768x512.jpg"},"post-thumbnail":{"file":"15_Carrer-de-Bartomeu-Pons-i-Coll-1A-150x100.jpg","width":150,"height":100,"mime-type":"image\/jpeg","filesize":4194,"url":"https:\/\/santacatalinaproperties.com\/wp-content\/uploads\/2026\/09\/15_Carrer-de-Bartomeu-Pons-i-Coll-1A-150x100.jpg"},"modern-property-child-slider":{"file":"15_Carrer-de-Bartomeu-Pons-i-Coll-1A-680x510.jpg","width":680,"height":510,"mime-type":"image\/jpeg","filesize":38778,"url":"https:\/\/santacatalinaproperties.com\/wp-content\/uploads\/2026\/09\/15_Carrer-de-Bartomeu-Pons-i-Coll-1A-680x510.jpg"},"property-thumb-image":{"file":"15_Carrer-de-Bartomeu-Pons-i-Coll-1A-488x326.jpg","width":488,"height":326,"mime-type":"image\/jpeg","filesize":22256,"url":"https:\/\/santacatalinaproperties.com\/wp-content\/uploads\/2026\/09\/15_Carrer-de-Bartomeu-Pons-i-Coll-1A-488x326.jpg"},"property-detail-video-image":{"file":"15_Carrer-de-Bartomeu-Pons-i-Coll-1A-818x417.jpg","width":818,"height":417,"mime-type":"image\/jpeg","filesize":37095,"url":"https:\/\/santacatalinaproperties.com\/wp-content\/uploads\/2026\/09\/15_Carrer-de-Bartomeu-Pons-i-Coll-1A-818x417.jpg"},"agent-image":{"file":"15_Carrer-de-Bartomeu-Pons-i-Coll-1A-210x210.jpg","width":210,"height":210,"mime-type":"image\/jpeg","filesize":8484,"url":"https:\/\/santacatalinaproperties.com\/wp-content\/uploads\/2026\/09\/15_Carrer-de-Bartomeu-Pons-i-Coll-1A-210x210.jpg"},"partners-logo":{"file":"15_Carrer-de-Bartomeu-Pons-i-Coll-1A-600x945.jpg","width":600,"height":945,"mime-type":"image\/jpeg","filesize":62541,"url":"https:\/\/santacatalinaproperties.com\/wp-content\/uploads\/2026\/09\/15_Carrer-de-Bartomeu-Pons-i-Coll-1A-600x945.jpg"},"post-featured-image":{"file":"15_Carrer-de-Bartomeu-Pons-i-Coll-1A-1240x720.jpg","width":1240,"height":720,"mime-type":"image\/jpeg","filesize":82558,"url":"https:\/\/santacatalinaproperties.com\/wp-content\/uploads\/2026\/09\/15_Carrer-de-Bartomeu-Pons-i-Coll-1A-1240x720.jpg"}},"image_meta":{"aperture":"9","credit":"Marcos Iso","camera":"ILCE-7M4","caption":"","created_timestamp":"1778149519","copyright":"Marcos Iso","focal_length":"17","iso":"200","shutter_speed":"0.066666666666667","title":"","orientation":"1","keywords":["1A","2026","Carrer de Bartomeu Pons i Coll","bonanova","garage","gato","martin","mayo","palma","palma de mallorca","perros","piso","synergy homes"]},"ID":"34559","name":"15_Carrer-de-Bartomeu-Pons-i-Coll-1A.jpg","path":"\/home\/scatapro\/public_html\/wp-content\/uploads\/2026\/09\/15_Carrer-de-Bartomeu-Pons-i-Coll-1A.jpg","url":"https:\/\/santacatalinaproperties.com\/wp-content\/uploads\/2026\/09\/15_Carrer-de-Bartomeu-Pons-i-Coll-1A-150x150.jpg","full_url":"https:\/\/santacatalinaproperties.com\/wp-content\/uploads\/2026\/09\/15_Carrer-de-Bartomeu-Pons-i-Coll-1A.jpg","title":"15_Carrer de Bartomeu Pons i Coll, 1A","caption":"","description":"","alt":"","srcset":"https:\/\/santacatalinaproperties.com\/wp-content\/uploads\/2026\/09\/15_Carrer-de-Bartomeu-Pons-i-Coll-1A-150x150.jpg 150w, https:\/\/santacatalinaproperties.com\/wp-content\/uploads\/2026\/09\/15_Carrer-de-Bartomeu-Pons-i-Coll-1A-210x210.jpg 210w"},{"width":150,"height":150,"file":"2026\/09\/16_Carrer-de-Bartomeu-Pons-i-Coll-1A.jpg","filesize":253886,"sizes":{"medium":{"file":"16_Carrer-de-Bartomeu-Pons-i-Coll-1A-300x200.jpg","width":300,"height":200,"mime-type":"image\/jpeg","filesize":10202,"url":"https:\/\/santacatalinaproperties.com\/wp-content\/uploads\/2026\/09\/16_Carrer-de-Bartomeu-Pons-i-Coll-1A-300x200.jpg"},"large":{"file":"16_Carrer-de-Bartomeu-Pons-i-Coll-1A-1024x683.jpg","width":1024,"height":683,"mime-type":"image\/jpeg","filesize":65551,"url":"https:\/\/santacatalinaproperties.com\/wp-content\/uploads\/2026\/09\/16_Carrer-de-Bartomeu-Pons-i-Coll-1A-1024x683.jpg"},"thumbnail":{"file":"16_Carrer-de-Bartomeu-Pons-i-Coll-1A-150x150.jpg","width":150,"height":150,"mime-type":"image\/jpeg","filesize":5544,"url":"https:\/\/santacatalinaproperties.com\/wp-content\/uploads\/2026\/09\/16_Carrer-de-Bartomeu-Pons-i-Coll-1A-150x150.jpg"},"medium_large":{"file":"16_Carrer-de-Bartomeu-Pons-i-Coll-1A-768x512.jpg","width":768,"height":512,"mime-type":"image\/jpeg","filesize":41233,"url":"https:\/\/santacatalinaproperties.com\/wp-content\/uploads\/2026\/09\/16_Carrer-de-Bartomeu-Pons-i-Coll-1A-768x512.jpg"},"post-thumbnail":{"file":"16_Carrer-de-Bartomeu-Pons-i-Coll-1A-150x100.jpg","width":150,"height":100,"mime-type":"image\/jpeg","filesize":4096,"url":"https:\/\/santacatalinaproperties.com\/wp-content\/uploads\/2026\/09\/16_Carrer-de-Bartomeu-Pons-i-Coll-1A-150x100.jpg"},"modern-property-child-slider":{"file":"16_Carrer-de-Bartomeu-Pons-i-Coll-1A-680x510.jpg","width":680,"height":510,"mime-type":"image\/jpeg","filesize":38266,"url":"https:\/\/santacatalinaproperties.com\/wp-content\/uploads\/2026\/09\/16_Carrer-de-Bartomeu-Pons-i-Coll-1A-680x510.jpg"},"property-thumb-image":{"file":"16_Carrer-de-Bartomeu-Pons-i-Coll-1A-488x326.jpg","width":488,"height":326,"mime-type":"image\/jpeg","filesize":21063,"url":"https:\/\/santacatalinaproperties.com\/wp-content\/uploads\/2026\/09\/16_Carrer-de-Bartomeu-Pons-i-Coll-1A-488x326.jpg"},"property-detail-video-image":{"file":"16_Carrer-de-Bartomeu-Pons-i-Coll-1A-818x417.jpg","width":818,"height":417,"mime-type":"image\/jpeg","filesize":35047,"url":"https:\/\/santacatalinaproperties.com\/wp-content\/uploads\/2026\/09\/16_Carrer-de-Bartomeu-Pons-i-Coll-1A-818x417.jpg"},"agent-image":{"file":"16_Carrer-de-Bartomeu-Pons-i-Coll-1A-210x210.jpg","width":210,"height":210,"mime-type":"image\/jpeg","filesize":8563,"url":"https:\/\/santacatalinaproperties.com\/wp-content\/uploads\/2026\/09\/16_Carrer-de-Bartomeu-Pons-i-Coll-1A-210x210.jpg"},"partners-logo":{"file":"16_Carrer-de-Bartomeu-Pons-i-Coll-1A-600x945.jpg","width":600,"height":945,"mime-type":"image\/jpeg","filesize":65296,"url":"https:\/\/santacatalinaproperties.com\/wp-content\/uploads\/2026\/09\/16_Carrer-de-Bartomeu-Pons-i-Coll-1A-600x945.jpg"},"post-featured-image":{"file":"16_Carrer-de-Bartomeu-Pons-i-Coll-1A-1240x720.jpg","width":1240,"height":720,"mime-type":"image\/jpeg","filesize":76640,"url":"https:\/\/santacatalinaproperties.com\/wp-content\/uploads\/2026\/09\/16_Carrer-de-Bartomeu-Pons-i-Coll-1A-1240x720.jpg"}},"image_meta":{"aperture":"9","credit":"Marcos Iso","camera":"ILCE-7M4","caption":"","created_timestamp":"1778149622","copyright":"Marcos Iso","focal_length":"19","iso":"200","shutter_speed":"0.16666666666667","title":"","orientation":"1","keywords":["1A","2026","Carrer de Bartomeu Pons i Coll","bonanova","garage","gato","martin","mayo","palma","palma de mallorca","perros","piso","synergy homes"]},"ID":"34561","name":"16_Carrer-de-Bartomeu-Pons-i-Coll-1A.jpg","path":"\/home\/scatapro\/public_html\/wp-content\/uploads\/2026\/09\/16_Carrer-de-Bartomeu-Pons-i-Coll-1A.jpg","url":"https:\/\/santacatalinaproperties.com\/wp-content\/uploads\/2026\/09\/16_Carrer-de-Bartomeu-Pons-i-Coll-1A-150x150.jpg","full_url":"https:\/\/santacatalinaproperties.com\/wp-content\/uploads\/2026\/09\/16_Carrer-de-Bartomeu-Pons-i-Coll-1A.jpg","title":"16_Carrer de Bartomeu Pons i Coll, 1A","caption":"","description":"","alt":"","srcset":"https:\/\/santacatalinaproperties.com\/wp-content\/uploads\/2026\/09\/16_Carrer-de-Bartomeu-Pons-i-Coll-1A-150x150.jpg 150w, https:\/\/santacatalinaproperties.com\/wp-content\/uploads\/2026\/09\/16_Carrer-de-Bartomeu-Pons-i-Coll-1A-210x210.jpg 210w"},{"width":150,"height":150,"file":"2026\/09\/17_Carrer-de-Bartomeu-Pons-i-Coll-1A.jpg","filesize":360030,"sizes":{"medium":{"file":"17_Carrer-de-Bartomeu-Pons-i-Coll-1A-300x200.jpg","width":300,"height":200,"mime-type":"image\/jpeg","filesize":11743,"url":"https:\/\/santacatalinaproperties.com\/wp-content\/uploads\/2026\/09\/17_Carrer-de-Bartomeu-Pons-i-Coll-1A-300x200.jpg"},"large":{"file":"17_Carrer-de-Bartomeu-Pons-i-Coll-1A-1024x683.jpg","width":1024,"height":683,"mime-type":"image\/jpeg","filesize":85955,"url":"https:\/\/santacatalinaproperties.com\/wp-content\/uploads\/2026\/09\/17_Carrer-de-Bartomeu-Pons-i-Coll-1A-1024x683.jpg"},"thumbnail":{"file":"17_Carrer-de-Bartomeu-Pons-i-Coll-1A-150x150.jpg","width":150,"height":150,"mime-type":"image\/jpeg","filesize":4895,"url":"https:\/\/santacatalinaproperties.com\/wp-content\/uploads\/2026\/09\/17_Carrer-de-Bartomeu-Pons-i-Coll-1A-150x150.jpg"},"medium_large":{"file":"17_Carrer-de-Bartomeu-Pons-i-Coll-1A-768x512.jpg","width":768,"height":512,"mime-type":"image\/jpeg","filesize":53161,"url":"https:\/\/santacatalinaproperties.com\/wp-content\/uploads\/2026\/09\/17_Carrer-de-Bartomeu-Pons-i-Coll-1A-768x512.jpg"},"post-thumbnail":{"file":"17_Carrer-de-Bartomeu-Pons-i-Coll-1A-150x100.jpg","width":150,"height":100,"mime-type":"image\/jpeg","filesize":4425,"url":"https:\/\/santacatalinaproperties.com\/wp-content\/uploads\/2026\/09\/17_Carrer-de-Bartomeu-Pons-i-Coll-1A-150x100.jpg"},"modern-property-child-slider":{"file":"17_Carrer-de-Bartomeu-Pons-i-Coll-1A-680x510.jpg","width":680,"height":510,"mime-type":"image\/jpeg","filesize":46300,"url":"https:\/\/santacatalinaproperties.com\/wp-content\/uploads\/2026\/09\/17_Carrer-de-Bartomeu-Pons-i-Coll-1A-680x510.jpg"},"property-thumb-image":{"file":"17_Carrer-de-Bartomeu-Pons-i-Coll-1A-488x326.jpg","width":488,"height":326,"mime-type":"image\/jpeg","filesize":25522,"url":"https:\/\/santacatalinaproperties.com\/wp-content\/uploads\/2026\/09\/17_Carrer-de-Bartomeu-Pons-i-Coll-1A-488x326.jpg"},"property-detail-video-image":{"file":"17_Carrer-de-Bartomeu-Pons-i-Coll-1A-818x417.jpg","width":818,"height":417,"mime-type":"image\/jpeg","filesize":49230,"url":"https:\/\/santacatalinaproperties.com\/wp-content\/uploads\/2026\/09\/17_Carrer-de-Bartomeu-Pons-i-Coll-1A-818x417.jpg"},"agent-image":{"file":"17_Carrer-de-Bartomeu-Pons-i-Coll-1A-210x210.jpg","width":210,"height":210,"mime-type":"image\/jpeg","filesize":8106,"url":"https:\/\/santacatalinaproperties.com\/wp-content\/uploads\/2026\/09\/17_Carrer-de-Bartomeu-Pons-i-Coll-1A-210x210.jpg"},"partners-logo":{"file":"17_Carrer-de-Bartomeu-Pons-i-Coll-1A-600x945.jpg","width":600,"height":945,"mime-type":"image\/jpeg","filesize":61248,"url":"https:\/\/santacatalinaproperties.com\/wp-content\/uploads\/2026\/09\/17_Carrer-de-Bartomeu-Pons-i-Coll-1A-600x945.jpg"},"post-featured-image":{"file":"17_Carrer-de-Bartomeu-Pons-i-Coll-1A-1240x720.jpg","width":1240,"height":720,"mime-type":"image\/jpeg","filesize":105614,"url":"https:\/\/santacatalinaproperties.com\/wp-content\/uploads\/2026\/09\/17_Carrer-de-Bartomeu-Pons-i-Coll-1A-1240x720.jpg"}},"image_meta":{"aperture":"9","credit":"Marcos Iso","camera":"ILCE-7M4","caption":"","created_timestamp":"1778149677","copyright":"Marcos Iso","focal_length":"19","iso":"200","shutter_speed":"0.076923076923077","title":"","orientation":"1","keywords":["1A","2026","Carrer de Bartomeu Pons i Coll","bonanova","garage","gato","martin","mayo","palma","palma de mallorca","perros","piso","synergy homes"]},"ID":"34563","name":"17_Carrer-de-Bartomeu-Pons-i-Coll-1A.jpg","path":"\/home\/scatapro\/public_html\/wp-content\/uploads\/2026\/09\/17_Carrer-de-Bartomeu-Pons-i-Coll-1A.jpg","url":"https:\/\/santacatalinaproperties.com\/wp-content\/uploads\/2026\/09\/17_Carrer-de-Bartomeu-Pons-i-Coll-1A-150x150.jpg","full_url":"https:\/\/santacatalinaproperties.com\/wp-content\/uploads\/2026\/09\/17_Carrer-de-Bartomeu-Pons-i-Coll-1A.jpg","title":"17_Carrer de Bartomeu Pons i Coll, 1A","caption":"","description":"","alt":"","srcset":"https:\/\/santacatalinaproperties.com\/wp-content\/uploads\/2026\/09\/17_Carrer-de-Bartomeu-Pons-i-Coll-1A-150x150.jpg 150w, https:\/\/santacatalinaproperties.com\/wp-content\/uploads\/2026\/09\/17_Carrer-de-Bartomeu-Pons-i-Coll-1A-210x210.jpg 210w"},{"width":150,"height":150,"file":"2026\/09\/18_Carrer-de-Bartomeu-Pons-i-Coll-1A.jpg","filesize":866042,"sizes":{"medium":{"file":"18_Carrer-de-Bartomeu-Pons-i-Coll-1A-300x200.jpg","width":300,"height":200,"mime-type":"image\/jpeg","filesize":23491,"url":"https:\/\/santacatalinaproperties.com\/wp-content\/uploads\/2026\/09\/18_Carrer-de-Bartomeu-Pons-i-Coll-1A-300x200.jpg"},"large":{"file":"18_Carrer-de-Bartomeu-Pons-i-Coll-1A-1024x683.jpg","width":1024,"height":683,"mime-type":"image\/jpeg","filesize":218274,"url":"https:\/\/santacatalinaproperties.com\/wp-content\/uploads\/2026\/09\/18_Carrer-de-Bartomeu-Pons-i-Coll-1A-1024x683.jpg"},"thumbnail":{"file":"18_Carrer-de-Bartomeu-Pons-i-Coll-1A-150x150.jpg","width":150,"height":150,"mime-type":"image\/jpeg","filesize":10315,"url":"https:\/\/santacatalinaproperties.com\/wp-content\/uploads\/2026\/09\/18_Carrer-de-Bartomeu-Pons-i-Coll-1A-150x150.jpg"},"medium_large":{"file":"18_Carrer-de-Bartomeu-Pons-i-Coll-1A-768x512.jpg","width":768,"height":512,"mime-type":"image\/jpeg","filesize":129503,"url":"https:\/\/santacatalinaproperties.com\/wp-content\/uploads\/2026\/09\/18_Carrer-de-Bartomeu-Pons-i-Coll-1A-768x512.jpg"},"post-thumbnail":{"file":"18_Carrer-de-Bartomeu-Pons-i-Coll-1A-150x100.jpg","width":150,"height":100,"mime-type":"image\/jpeg","filesize":7177,"url":"https:\/\/santacatalinaproperties.com\/wp-content\/uploads\/2026\/09\/18_Carrer-de-Bartomeu-Pons-i-Coll-1A-150x100.jpg"},"modern-property-child-slider":{"file":"18_Carrer-de-Bartomeu-Pons-i-Coll-1A-680x510.jpg","width":680,"height":510,"mime-type":"image\/jpeg","filesize":120048,"url":"https:\/\/santacatalinaproperties.com\/wp-content\/uploads\/2026\/09\/18_Carrer-de-Bartomeu-Pons-i-Coll-1A-680x510.jpg"},"property-thumb-image":{"file":"18_Carrer-de-Bartomeu-Pons-i-Coll-1A-488x326.jpg","width":488,"height":326,"mime-type":"image\/jpeg","filesize":56987,"url":"https:\/\/santacatalinaproperties.com\/wp-content\/uploads\/2026\/09\/18_Carrer-de-Bartomeu-Pons-i-Coll-1A-488x326.jpg"},"property-detail-video-image":{"file":"18_Carrer-de-Bartomeu-Pons-i-Coll-1A-818x417.jpg","width":818,"height":417,"mime-type":"image\/jpeg","filesize":112291,"url":"https:\/\/santacatalinaproperties.com\/wp-content\/uploads\/2026\/09\/18_Carrer-de-Bartomeu-Pons-i-Coll-1A-818x417.jpg"},"agent-image":{"file":"18_Carrer-de-Bartomeu-Pons-i-Coll-1A-210x210.jpg","width":210,"height":210,"mime-type":"image\/jpeg","filesize":19045,"url":"https:\/\/santacatalinaproperties.com\/wp-content\/uploads\/2026\/09\/18_Carrer-de-Bartomeu-Pons-i-Coll-1A-210x210.jpg"},"partners-logo":{"file":"18_Carrer-de-Bartomeu-Pons-i-Coll-1A-600x945.jpg","width":600,"height":945,"mime-type":"image\/jpeg","filesize":224369,"url":"https:\/\/santacatalinaproperties.com\/wp-content\/uploads\/2026\/09\/18_Carrer-de-Bartomeu-Pons-i-Coll-1A-600x945.jpg"},"post-featured-image":{"file":"18_Carrer-de-Bartomeu-Pons-i-Coll-1A-1240x720.jpg","width":1240,"height":720,"mime-type":"image\/jpeg","filesize":262188,"url":"https:\/\/santacatalinaproperties.com\/wp-content\/uploads\/2026\/09\/18_Carrer-de-Bartomeu-Pons-i-Coll-1A-1240x720.jpg"}},"image_meta":{"aperture":"9","credit":"Marcos Iso","camera":"ILCE-7M4","caption":"","created_timestamp":"1778149741","copyright":"Marcos Iso","focal_length":"19","iso":"200","shutter_speed":"0.004","title":"","orientation":"1","keywords":["1A","2026","Carrer de Bartomeu Pons i Coll","bonanova","garage","gato","martin","mayo","palma","palma de mallorca","perros","piso","synergy homes"]},"ID":"34565","name":"18_Carrer-de-Bartomeu-Pons-i-Coll-1A.jpg","path":"\/home\/scatapro\/public_html\/wp-content\/uploads\/2026\/09\/18_Carrer-de-Bartomeu-Pons-i-Coll-1A.jpg","url":"https:\/\/santacatalinaproperties.com\/wp-content\/uploads\/2026\/09\/18_Carrer-de-Bartomeu-Pons-i-Coll-1A-150x150.jpg","full_url":"https:\/\/santacatalinaproperties.com\/wp-content\/uploads\/2026\/09\/18_Carrer-de-Bartomeu-Pons-i-Coll-1A.jpg","title":"18_Carrer de Bartomeu Pons i Coll, 1A","caption":"","description":"","alt":"","srcset":"https:\/\/santacatalinaproperties.com\/wp-content\/uploads\/2026\/09\/18_Carrer-de-Bartomeu-Pons-i-Coll-1A-150x150.jpg 150w, https:\/\/santacatalinaproperties.com\/wp-content\/uploads\/2026\/09\/18_Carrer-de-Bartomeu-Pons-i-Coll-1A-210x210.jpg 210w"},{"width":150,"height":150,"file":"2026\/09\/19_Carrer-de-Bartomeu-Pons-i-Coll-1A.jpg","filesize":465422,"sizes":{"medium":{"file":"19_Carrer-de-Bartomeu-Pons-i-Coll-1A-300x200.jpg","width":300,"height":200,"mime-type":"image\/jpeg","filesize":11269,"url":"https:\/\/santacatalinaproperties.com\/wp-content\/uploads\/2026\/09\/19_Carrer-de-Bartomeu-Pons-i-Coll-1A-300x200.jpg"},"large":{"file":"19_Carrer-de-Bartomeu-Pons-i-Coll-1A-1024x683.jpg","width":1024,"height":683,"mime-type":"image\/jpeg","filesize":85726,"url":"https:\/\/santacatalinaproperties.com\/wp-content\/uploads\/2026\/09\/19_Carrer-de-Bartomeu-Pons-i-Coll-1A-1024x683.jpg"},"thumbnail":{"file":"19_Carrer-de-Bartomeu-Pons-i-Coll-1A-150x150.jpg","width":150,"height":150,"mime-type":"image\/jpeg","filesize":5620,"url":"https:\/\/santacatalinaproperties.com\/wp-content\/uploads\/2026\/09\/19_Carrer-de-Bartomeu-Pons-i-Coll-1A-150x150.jpg"},"medium_large":{"file":"19_Carrer-de-Bartomeu-Pons-i-Coll-1A-768x512.jpg","width":768,"height":512,"mime-type":"image\/jpeg","filesize":51866,"url":"https:\/\/santacatalinaproperties.com\/wp-content\/uploads\/2026\/09\/19_Carrer-de-Bartomeu-Pons-i-Coll-1A-768x512.jpg"},"post-thumbnail":{"file":"19_Carrer-de-Bartomeu-Pons-i-Coll-1A-150x100.jpg","width":150,"height":100,"mime-type":"image\/jpeg","filesize":4213,"url":"https:\/\/santacatalinaproperties.com\/wp-content\/uploads\/2026\/09\/19_Carrer-de-Bartomeu-Pons-i-Coll-1A-150x100.jpg"},"modern-property-child-slider":{"file":"19_Carrer-de-Bartomeu-Pons-i-Coll-1A-680x510.jpg","width":680,"height":510,"mime-type":"image\/jpeg","filesize":49005,"url":"https:\/\/santacatalinaproperties.com\/wp-content\/uploads\/2026\/09\/19_Carrer-de-Bartomeu-Pons-i-Coll-1A-680x510.jpg"},"property-thumb-image":{"file":"19_Carrer-de-Bartomeu-Pons-i-Coll-1A-488x326.jpg","width":488,"height":326,"mime-type":"image\/jpeg","filesize":24550,"url":"https:\/\/santacatalinaproperties.com\/wp-content\/uploads\/2026\/09\/19_Carrer-de-Bartomeu-Pons-i-Coll-1A-488x326.jpg"},"property-detail-video-image":{"file":"19_Carrer-de-Bartomeu-Pons-i-Coll-1A-818x417.jpg","width":818,"height":417,"mime-type":"image\/jpeg","filesize":47674,"url":"https:\/\/santacatalinaproperties.com\/wp-content\/uploads\/2026\/09\/19_Carrer-de-Bartomeu-Pons-i-Coll-1A-818x417.jpg"},"agent-image":{"file":"19_Carrer-de-Bartomeu-Pons-i-Coll-1A-210x210.jpg","width":210,"height":210,"mime-type":"image\/jpeg","filesize":9544,"url":"https:\/\/santacatalinaproperties.com\/wp-content\/uploads\/2026\/09\/19_Carrer-de-Bartomeu-Pons-i-Coll-1A-210x210.jpg"},"partners-logo":{"file":"19_Carrer-de-Bartomeu-Pons-i-Coll-1A-600x945.jpg","width":600,"height":945,"mime-type":"image\/jpeg","filesize":81126,"url":"https:\/\/santacatalinaproperties.com\/wp-content\/uploads\/2026\/09\/19_Carrer-de-Bartomeu-Pons-i-Coll-1A-600x945.jpg"},"post-featured-image":{"file":"19_Carrer-de-Bartomeu-Pons-i-Coll-1A-1240x720.jpg","width":1240,"height":720,"mime-type":"image\/jpeg","filesize":106140,"url":"https:\/\/santacatalinaproperties.com\/wp-content\/uploads\/2026\/09\/19_Carrer-de-Bartomeu-Pons-i-Coll-1A-1240x720.jpg"}},"image_meta":{"aperture":"9","credit":"Marcos Iso","camera":"ILCE-7M4","caption":"","created_timestamp":"1778150191","copyright":"Marcos Iso","focal_length":"17","iso":"200","shutter_speed":"0.008","title":"","orientation":"1","keywords":["1A","2026","Carrer de Bartomeu Pons i Coll","bonanova","garage","gato","martin","mayo","palma","palma de mallorca","perros","piso","synergy homes"]},"ID":"34567","name":"19_Carrer-de-Bartomeu-Pons-i-Coll-1A.jpg","path":"\/home\/scatapro\/public_html\/wp-content\/uploads\/2026\/09\/19_Carrer-de-Bartomeu-Pons-i-Coll-1A.jpg","url":"https:\/\/santacatalinaproperties.com\/wp-content\/uploads\/2026\/09\/19_Carrer-de-Bartomeu-Pons-i-Coll-1A-150x150.jpg","full_url":"https:\/\/santacatalinaproperties.com\/wp-content\/uploads\/2026\/09\/19_Carrer-de-Bartomeu-Pons-i-Coll-1A.jpg","title":"19_Carrer de Bartomeu Pons i Coll, 1A","caption":"","description":"","alt":"","srcset":"https:\/\/santacatalinaproperties.com\/wp-content\/uploads\/2026\/09\/19_Carrer-de-Bartomeu-Pons-i-Coll-1A-150x150.jpg 150w, https:\/\/santacatalinaproperties.com\/wp-content\/uploads\/2026\/09\/19_Carrer-de-Bartomeu-Pons-i-Coll-1A-210x210.jpg 210w"},{"width":150,"height":150,"file":"2026\/09\/20_Carrer-de-Bartomeu-Pons-i-Coll-1A.jpg","filesize":406264,"sizes":{"medium":{"file":"20_Carrer-de-Bartomeu-Pons-i-Coll-1A-300x200.jpg","width":300,"height":200,"mime-type":"image\/jpeg","filesize":11229,"url":"https:\/\/santacatalinaproperties.com\/wp-content\/uploads\/2026\/09\/20_Carrer-de-Bartomeu-Pons-i-Coll-1A-300x200.jpg"},"large":{"file":"20_Carrer-de-Bartomeu-Pons-i-Coll-1A-1024x683.jpg","width":1024,"height":683,"mime-type":"image\/jpeg","filesize":86766,"url":"https:\/\/santacatalinaproperties.com\/wp-content\/uploads\/2026\/09\/20_Carrer-de-Bartomeu-Pons-i-Coll-1A-1024x683.jpg"},"thumbnail":{"file":"20_Carrer-de-Bartomeu-Pons-i-Coll-1A-150x150.jpg","width":150,"height":150,"mime-type":"image\/jpeg","filesize":4971,"url":"https:\/\/santacatalinaproperties.com\/wp-content\/uploads\/2026\/09\/20_Carrer-de-Bartomeu-Pons-i-Coll-1A-150x150.jpg"},"medium_large":{"file":"20_Carrer-de-Bartomeu-Pons-i-Coll-1A-768x512.jpg","width":768,"height":512,"mime-type":"image\/jpeg","filesize":51948,"url":"https:\/\/santacatalinaproperties.com\/wp-content\/uploads\/2026\/09\/20_Carrer-de-Bartomeu-Pons-i-Coll-1A-768x512.jpg"},"post-thumbnail":{"file":"20_Carrer-de-Bartomeu-Pons-i-Coll-1A-150x100.jpg","width":150,"height":100,"mime-type":"image\/jpeg","filesize":4165,"url":"https:\/\/santacatalinaproperties.com\/wp-content\/uploads\/2026\/09\/20_Carrer-de-Bartomeu-Pons-i-Coll-1A-150x100.jpg"},"modern-property-child-slider":{"file":"20_Carrer-de-Bartomeu-Pons-i-Coll-1A-680x510.jpg","width":680,"height":510,"mime-type":"image\/jpeg","filesize":46737,"url":"https:\/\/santacatalinaproperties.com\/wp-content\/uploads\/2026\/09\/20_Carrer-de-Bartomeu-Pons-i-Coll-1A-680x510.jpg"},"property-thumb-image":{"file":"20_Carrer-de-Bartomeu-Pons-i-Coll-1A-488x326.jpg","width":488,"height":326,"mime-type":"image\/jpeg","filesize":23930,"url":"https:\/\/santacatalinaproperties.com\/wp-content\/uploads\/2026\/09\/20_Carrer-de-Bartomeu-Pons-i-Coll-1A-488x326.jpg"},"property-detail-video-image":{"file":"20_Carrer-de-Bartomeu-Pons-i-Coll-1A-818x417.jpg","width":818,"height":417,"mime-type":"image\/jpeg","filesize":47555,"url":"https:\/\/santacatalinaproperties.com\/wp-content\/uploads\/2026\/09\/20_Carrer-de-Bartomeu-Pons-i-Coll-1A-818x417.jpg"},"agent-image":{"file":"20_Carrer-de-Bartomeu-Pons-i-Coll-1A-210x210.jpg","width":210,"height":210,"mime-type":"image\/jpeg","filesize":8424,"url":"https:\/\/santacatalinaproperties.com\/wp-content\/uploads\/2026\/09\/20_Carrer-de-Bartomeu-Pons-i-Coll-1A-210x210.jpg"},"partners-logo":{"file":"20_Carrer-de-Bartomeu-Pons-i-Coll-1A-600x945.jpg","width":600,"height":945,"mime-type":"image\/jpeg","filesize":77052,"url":"https:\/\/santacatalinaproperties.com\/wp-content\/uploads\/2026\/09\/20_Carrer-de-Bartomeu-Pons-i-Coll-1A-600x945.jpg"},"post-featured-image":{"file":"20_Carrer-de-Bartomeu-Pons-i-Coll-1A-1240x720.jpg","width":1240,"height":720,"mime-type":"image\/jpeg","filesize":108855,"url":"https:\/\/santacatalinaproperties.com\/wp-content\/uploads\/2026\/09\/20_Carrer-de-Bartomeu-Pons-i-Coll-1A-1240x720.jpg"}},"image_meta":{"aperture":"9","credit":"Marcos Iso","camera":"ILCE-7M4","caption":"","created_timestamp":"1778150204","copyright":"Marcos Iso","focal_length":"17","iso":"200","shutter_speed":"0.008","title":"","orientation":"1","keywords":["1A","2026","Carrer de Bartomeu Pons i Coll","bonanova","garage","gato","martin","mayo","palma","palma de mallorca","perros","piso","synergy homes"]},"ID":"34569","name":"20_Carrer-de-Bartomeu-Pons-i-Coll-1A.jpg","path":"\/home\/scatapro\/public_html\/wp-content\/uploads\/2026\/09\/20_Carrer-de-Bartomeu-Pons-i-Coll-1A.jpg","url":"https:\/\/santacatalinaproperties.com\/wp-content\/uploads\/2026\/09\/20_Carrer-de-Bartomeu-Pons-i-Coll-1A-150x150.jpg","full_url":"https:\/\/santacatalinaproperties.com\/wp-content\/uploads\/2026\/09\/20_Carrer-de-Bartomeu-Pons-i-Coll-1A.jpg","title":"20_Carrer de Bartomeu Pons i Coll, 1A","caption":"","description":"","alt":"","srcset":"https:\/\/santacatalinaproperties.com\/wp-content\/uploads\/2026\/09\/20_Carrer-de-Bartomeu-Pons-i-Coll-1A-150x150.jpg 150w, https:\/\/santacatalinaproperties.com\/wp-content\/uploads\/2026\/09\/20_Carrer-de-Bartomeu-Pons-i-Coll-1A-210x210.jpg 210w"},{"width":150,"height":150,"file":"2026\/09\/21_Carrer-de-Bartomeu-Pons-i-Coll-1A.jpg","filesize":377974,"sizes":{"medium":{"file":"21_Carrer-de-Bartomeu-Pons-i-Coll-1A-300x200.jpg","width":300,"height":200,"mime-type":"image\/jpeg","filesize":11673,"url":"https:\/\/santacatalinaproperties.com\/wp-content\/uploads\/2026\/09\/21_Carrer-de-Bartomeu-Pons-i-Coll-1A-300x200.jpg"},"large":{"file":"21_Carrer-de-Bartomeu-Pons-i-Coll-1A-1024x683.jpg","width":1024,"height":683,"mime-type":"image\/jpeg","filesize":87457,"url":"https:\/\/santacatalinaproperties.com\/wp-content\/uploads\/2026\/09\/21_Carrer-de-Bartomeu-Pons-i-Coll-1A-1024x683.jpg"},"thumbnail":{"file":"21_Carrer-de-Bartomeu-Pons-i-Coll-1A-150x150.jpg","width":150,"height":150,"mime-type":"image\/jpeg","filesize":4954,"url":"https:\/\/santacatalinaproperties.com\/wp-content\/uploads\/2026\/09\/21_Carrer-de-Bartomeu-Pons-i-Coll-1A-150x150.jpg"},"medium_large":{"file":"21_Carrer-de-Bartomeu-Pons-i-Coll-1A-768x512.jpg","width":768,"height":512,"mime-type":"image\/jpeg","filesize":52816,"url":"https:\/\/santacatalinaproperties.com\/wp-content\/uploads\/2026\/09\/21_Carrer-de-Bartomeu-Pons-i-Coll-1A-768x512.jpg"},"post-thumbnail":{"file":"21_Carrer-de-Bartomeu-Pons-i-Coll-1A-150x100.jpg","width":150,"height":100,"mime-type":"image\/jpeg","filesize":4496,"url":"https:\/\/santacatalinaproperties.com\/wp-content\/uploads\/2026\/09\/21_Carrer-de-Bartomeu-Pons-i-Coll-1A-150x100.jpg"},"modern-property-child-slider":{"file":"21_Carrer-de-Bartomeu-Pons-i-Coll-1A-680x510.jpg","width":680,"height":510,"mime-type":"image\/jpeg","filesize":45574,"url":"https:\/\/santacatalinaproperties.com\/wp-content\/uploads\/2026\/09\/21_Carrer-de-Bartomeu-Pons-i-Coll-1A-680x510.jpg"},"property-thumb-image":{"file":"21_Carrer-de-Bartomeu-Pons-i-Coll-1A-488x326.jpg","width":488,"height":326,"mime-type":"image\/jpeg","filesize":25193,"url":"https:\/\/santacatalinaproperties.com\/wp-content\/uploads\/2026\/09\/21_Carrer-de-Bartomeu-Pons-i-Coll-1A-488x326.jpg"},"property-detail-video-image":{"file":"21_Carrer-de-Bartomeu-Pons-i-Coll-1A-818x417.jpg","width":818,"height":417,"mime-type":"image\/jpeg","filesize":45913,"url":"https:\/\/santacatalinaproperties.com\/wp-content\/uploads\/2026\/09\/21_Carrer-de-Bartomeu-Pons-i-Coll-1A-818x417.jpg"},"agent-image":{"file":"21_Carrer-de-Bartomeu-Pons-i-Coll-1A-210x210.jpg","width":210,"height":210,"mime-type":"image\/jpeg","filesize":8159,"url":"https:\/\/santacatalinaproperties.com\/wp-content\/uploads\/2026\/09\/21_Carrer-de-Bartomeu-Pons-i-Coll-1A-210x210.jpg"},"partners-logo":{"file":"21_Carrer-de-Bartomeu-Pons-i-Coll-1A-600x945.jpg","width":600,"height":945,"mime-type":"image\/jpeg","filesize":74283,"url":"https:\/\/santacatalinaproperties.com\/wp-content\/uploads\/2026\/09\/21_Carrer-de-Bartomeu-Pons-i-Coll-1A-600x945.jpg"},"post-featured-image":{"file":"21_Carrer-de-Bartomeu-Pons-i-Coll-1A-1240x720.jpg","width":1240,"height":720,"mime-type":"image\/jpeg","filesize":104494,"url":"https:\/\/santacatalinaproperties.com\/wp-content\/uploads\/2026\/09\/21_Carrer-de-Bartomeu-Pons-i-Coll-1A-1240x720.jpg"}},"image_meta":{"aperture":"9","credit":"Marcos Iso","camera":"ILCE-7M4","caption":"","created_timestamp":"1778150440","copyright":"Marcos Iso","focal_length":"17","iso":"800","shutter_speed":"0.025","title":"","orientation":"1","keywords":["1A","2026","Carrer de Bartomeu Pons i Coll","bonanova","garage","gato","martin","mayo","palma","palma de mallorca","perros","piso","synergy homes"]},"ID":"34571","name":"21_Carrer-de-Bartomeu-Pons-i-Coll-1A.jpg","path":"\/home\/scatapro\/public_html\/wp-content\/uploads\/2026\/09\/21_Carrer-de-Bartomeu-Pons-i-Coll-1A.jpg","url":"https:\/\/santacatalinaproperties.com\/wp-content\/uploads\/2026\/09\/21_Carrer-de-Bartomeu-Pons-i-Coll-1A-150x150.jpg","full_url":"https:\/\/santacatalinaproperties.com\/wp-content\/uploads\/2026\/09\/21_Carrer-de-Bartomeu-Pons-i-Coll-1A.jpg","title":"21_Carrer de Bartomeu Pons i Coll, 1A","caption":"","description":"","alt":"","srcset":"https:\/\/santacatalinaproperties.com\/wp-content\/uploads\/2026\/09\/21_Carrer-de-Bartomeu-Pons-i-Coll-1A-150x150.jpg 150w, https:\/\/santacatalinaproperties.com\/wp-content\/uploads\/2026\/09\/21_Carrer-de-Bartomeu-Pons-i-Coll-1A-210x210.jpg 210w"},{"width":150,"height":150,"file":"2026\/09\/22_Carrer-de-Bartomeu-Pons-i-Coll-1A.jpg","filesize":391940,"sizes":{"medium":{"file":"22_Carrer-de-Bartomeu-Pons-i-Coll-1A-300x200.jpg","width":300,"height":200,"mime-type":"image\/jpeg","filesize":13765,"url":"https:\/\/santacatalinaproperties.com\/wp-content\/uploads\/2026\/09\/22_Carrer-de-Bartomeu-Pons-i-Coll-1A-300x200.jpg"},"large":{"file":"22_Carrer-de-Bartomeu-Pons-i-Coll-1A-1024x683.jpg","width":1024,"height":683,"mime-type":"image\/jpeg","filesize":99242,"url":"https:\/\/santacatalinaproperties.com\/wp-content\/uploads\/2026\/09\/22_Carrer-de-Bartomeu-Pons-i-Coll-1A-1024x683.jpg"},"thumbnail":{"file":"22_Carrer-de-Bartomeu-Pons-i-Coll-1A-150x150.jpg","width":150,"height":150,"mime-type":"image\/jpeg","filesize":6565,"url":"https:\/\/santacatalinaproperties.com\/wp-content\/uploads\/2026\/09\/22_Carrer-de-Bartomeu-Pons-i-Coll-1A-150x150.jpg"},"medium_large":{"file":"22_Carrer-de-Bartomeu-Pons-i-Coll-1A-768x512.jpg","width":768,"height":512,"mime-type":"image\/jpeg","filesize":61344,"url":"https:\/\/santacatalinaproperties.com\/wp-content\/uploads\/2026\/09\/22_Carrer-de-Bartomeu-Pons-i-Coll-1A-768x512.jpg"},"post-thumbnail":{"file":"22_Carrer-de-Bartomeu-Pons-i-Coll-1A-150x100.jpg","width":150,"height":100,"mime-type":"image\/jpeg","filesize":5154,"url":"https:\/\/santacatalinaproperties.com\/wp-content\/uploads\/2026\/09\/22_Carrer-de-Bartomeu-Pons-i-Coll-1A-150x100.jpg"},"modern-property-child-slider":{"file":"22_Carrer-de-Bartomeu-Pons-i-Coll-1A-680x510.jpg","width":680,"height":510,"mime-type":"image\/jpeg","filesize":55772,"url":"https:\/\/santacatalinaproperties.com\/wp-content\/uploads\/2026\/09\/22_Carrer-de-Bartomeu-Pons-i-Coll-1A-680x510.jpg"},"property-thumb-image":{"file":"22_Carrer-de-Bartomeu-Pons-i-Coll-1A-488x326.jpg","width":488,"height":326,"mime-type":"image\/jpeg","filesize":29199,"url":"https:\/\/santacatalinaproperties.com\/wp-content\/uploads\/2026\/09\/22_Carrer-de-Bartomeu-Pons-i-Coll-1A-488x326.jpg"},"property-detail-video-image":{"file":"22_Carrer-de-Bartomeu-Pons-i-Coll-1A-818x417.jpg","width":818,"height":417,"mime-type":"image\/jpeg","filesize":54152,"url":"https:\/\/santacatalinaproperties.com\/wp-content\/uploads\/2026\/09\/22_Carrer-de-Bartomeu-Pons-i-Coll-1A-818x417.jpg"},"agent-image":{"file":"22_Carrer-de-Bartomeu-Pons-i-Coll-1A-210x210.jpg","width":210,"height":210,"mime-type":"image\/jpeg","filesize":10888,"url":"https:\/\/santacatalinaproperties.com\/wp-content\/uploads\/2026\/09\/22_Carrer-de-Bartomeu-Pons-i-Coll-1A-210x210.jpg"},"partners-logo":{"file":"22_Carrer-de-Bartomeu-Pons-i-Coll-1A-600x945.jpg","width":600,"height":945,"mime-type":"image\/jpeg","filesize":82602,"url":"https:\/\/santacatalinaproperties.com\/wp-content\/uploads\/2026\/09\/22_Carrer-de-Bartomeu-Pons-i-Coll-1A-600x945.jpg"},"post-featured-image":{"file":"22_Carrer-de-Bartomeu-Pons-i-Coll-1A-1240x720.jpg","width":1240,"height":720,"mime-type":"image\/jpeg","filesize":117415,"url":"https:\/\/santacatalinaproperties.com\/wp-content\/uploads\/2026\/09\/22_Carrer-de-Bartomeu-Pons-i-Coll-1A-1240x720.jpg"}},"image_meta":{"aperture":"8","credit":"Marcos Iso","camera":"ILCE-7M4","caption":"","created_timestamp":"1778150530","copyright":"Marcos Iso","focal_length":"17","iso":"1600","shutter_speed":"0.025","title":"","orientation":"1","keywords":["1A","2026","Carrer de Bartomeu Pons i Coll","bonanova","garage","gato","martin","mayo","palma","palma de mallorca","perros","piso","synergy homes"]},"ID":"34573","name":"22_Carrer-de-Bartomeu-Pons-i-Coll-1A.jpg","path":"\/home\/scatapro\/public_html\/wp-content\/uploads\/2026\/09\/22_Carrer-de-Bartomeu-Pons-i-Coll-1A.jpg","url":"https:\/\/santacatalinaproperties.com\/wp-content\/uploads\/2026\/09\/22_Carrer-de-Bartomeu-Pons-i-Coll-1A-150x150.jpg","full_url":"https:\/\/santacatalinaproperties.com\/wp-content\/uploads\/2026\/09\/22_Carrer-de-Bartomeu-Pons-i-Coll-1A.jpg","title":"22_Carrer de Bartomeu Pons i Coll, 1A","caption":"","description":"","alt":"","srcset":"https:\/\/santacatalinaproperties.com\/wp-content\/uploads\/2026\/09\/22_Carrer-de-Bartomeu-Pons-i-Coll-1A-150x150.jpg 150w, https:\/\/santacatalinaproperties.com\/wp-content\/uploads\/2026\/09\/22_Carrer-de-Bartomeu-Pons-i-Coll-1A-210x210.jpg 210w"},{"width":150,"height":150,"file":"2026\/09\/23_Carrer-de-Bartomeu-Pons-i-Coll-1A.jpg","filesize":579190,"sizes":{"medium":{"file":"23_Carrer-de-Bartomeu-Pons-i-Coll-1A-300x200.jpg","width":300,"height":200,"mime-type":"image\/jpeg","filesize":17737,"url":"https:\/\/santacatalinaproperties.com\/wp-content\/uploads\/2026\/09\/23_Carrer-de-Bartomeu-Pons-i-Coll-1A-300x200.jpg"},"large":{"file":"23_Carrer-de-Bartomeu-Pons-i-Coll-1A-1024x683.jpg","width":1024,"height":683,"mime-type":"image\/jpeg","filesize":149559,"url":"https:\/\/santacatalinaproperties.com\/wp-content\/uploads\/2026\/09\/23_Carrer-de-Bartomeu-Pons-i-Coll-1A-1024x683.jpg"},"thumbnail":{"file":"23_Carrer-de-Bartomeu-Pons-i-Coll-1A-150x150.jpg","width":150,"height":150,"mime-type":"image\/jpeg","filesize":7789,"url":"https:\/\/santacatalinaproperties.com\/wp-content\/uploads\/2026\/09\/23_Carrer-de-Bartomeu-Pons-i-Coll-1A-150x150.jpg"},"medium_large":{"file":"23_Carrer-de-Bartomeu-Pons-i-Coll-1A-768x512.jpg","width":768,"height":512,"mime-type":"image\/jpeg","filesize":91071,"url":"https:\/\/santacatalinaproperties.com\/wp-content\/uploads\/2026\/09\/23_Carrer-de-Bartomeu-Pons-i-Coll-1A-768x512.jpg"},"post-thumbnail":{"file":"23_Carrer-de-Bartomeu-Pons-i-Coll-1A-150x100.jpg","width":150,"height":100,"mime-type":"image\/jpeg","filesize":5746,"url":"https:\/\/santacatalinaproperties.com\/wp-content\/uploads\/2026\/09\/23_Carrer-de-Bartomeu-Pons-i-Coll-1A-150x100.jpg"},"modern-property-child-slider":{"file":"23_Carrer-de-Bartomeu-Pons-i-Coll-1A-680x510.jpg","width":680,"height":510,"mime-type":"image\/jpeg","filesize":82753,"url":"https:\/\/santacatalinaproperties.com\/wp-content\/uploads\/2026\/09\/23_Carrer-de-Bartomeu-Pons-i-Coll-1A-680x510.jpg"},"property-thumb-image":{"file":"23_Carrer-de-Bartomeu-Pons-i-Coll-1A-488x326.jpg","width":488,"height":326,"mime-type":"image\/jpeg","filesize":41726,"url":"https:\/\/santacatalinaproperties.com\/wp-content\/uploads\/2026\/09\/23_Carrer-de-Bartomeu-Pons-i-Coll-1A-488x326.jpg"},"property-detail-video-image":{"file":"23_Carrer-de-Bartomeu-Pons-i-Coll-1A-818x417.jpg","width":818,"height":417,"mime-type":"image\/jpeg","filesize":80401,"url":"https:\/\/santacatalinaproperties.com\/wp-content\/uploads\/2026\/09\/23_Carrer-de-Bartomeu-Pons-i-Coll-1A-818x417.jpg"},"agent-image":{"file":"23_Carrer-de-Bartomeu-Pons-i-Coll-1A-210x210.jpg","width":210,"height":210,"mime-type":"image\/jpeg","filesize":14150,"url":"https:\/\/santacatalinaproperties.com\/wp-content\/uploads\/2026\/09\/23_Carrer-de-Bartomeu-Pons-i-Coll-1A-210x210.jpg"},"partners-logo":{"file":"23_Carrer-de-Bartomeu-Pons-i-Coll-1A-600x945.jpg","width":600,"height":945,"mime-type":"image\/jpeg","filesize":125233,"url":"https:\/\/santacatalinaproperties.com\/wp-content\/uploads\/2026\/09\/23_Carrer-de-Bartomeu-Pons-i-Coll-1A-600x945.jpg"},"post-featured-image":{"file":"23_Carrer-de-Bartomeu-Pons-i-Coll-1A-1240x720.jpg","width":1240,"height":720,"mime-type":"image\/jpeg","filesize":180942,"url":"https:\/\/santacatalinaproperties.com\/wp-content\/uploads\/2026\/09\/23_Carrer-de-Bartomeu-Pons-i-Coll-1A-1240x720.jpg"}},"image_meta":{"aperture":"8","credit":"Marcos Iso","camera":"ILCE-7M4","caption":"","created_timestamp":"1778150655","copyright":"Marcos Iso","focal_length":"28","iso":"320","shutter_speed":"0.000625","title":"","orientation":"1","keywords":["1A","2026","Carrer de Bartomeu Pons i Coll","bonanova","garage","gato","martin","mayo","palma","palma de mallorca","perros","piso","synergy homes"]},"ID":"34575","name":"23_Carrer-de-Bartomeu-Pons-i-Coll-1A.jpg","path":"\/home\/scatapro\/public_html\/wp-content\/uploads\/2026\/09\/23_Carrer-de-Bartomeu-Pons-i-Coll-1A.jpg","url":"https:\/\/santacatalinaproperties.com\/wp-content\/uploads\/2026\/09\/23_Carrer-de-Bartomeu-Pons-i-Coll-1A-150x150.jpg","full_url":"https:\/\/santacatalinaproperties.com\/wp-content\/uploads\/2026\/09\/23_Carrer-de-Bartomeu-Pons-i-Coll-1A.jpg","title":"23_Carrer de Bartomeu Pons i Coll, 1A","caption":"","description":"","alt":"","srcset":"https:\/\/santacatalinaproperties.com\/wp-content\/uploads\/2026\/09\/23_Carrer-de-Bartomeu-Pons-i-Coll-1A-150x150.jpg 150w, https:\/\/santacatalinaproperties.com\/wp-content\/uploads\/2026\/09\/23_Carrer-de-Bartomeu-Pons-i-Coll-1A-210x210.jpg 210w"},{"width":150,"height":150,"file":"2026\/09\/24_Carrer-de-Bartomeu-Pons-i-Coll-1A.jpg","filesize":759105,"sizes":{"medium":{"file":"24_Carrer-de-Bartomeu-Pons-i-Coll-1A-300x200.jpg","width":300,"height":200,"mime-type":"image\/jpeg","filesize":18904,"url":"https:\/\/santacatalinaproperties.com\/wp-content\/uploads\/2026\/09\/24_Carrer-de-Bartomeu-Pons-i-Coll-1A-300x200.jpg"},"large":{"file":"24_Carrer-de-Bartomeu-Pons-i-Coll-1A-1024x683.jpg","width":1024,"height":683,"mime-type":"image\/jpeg","filesize":195427,"url":"https:\/\/santacatalinaproperties.com\/wp-content\/uploads\/2026\/09\/24_Carrer-de-Bartomeu-Pons-i-Coll-1A-1024x683.jpg"},"thumbnail":{"file":"24_Carrer-de-Bartomeu-Pons-i-Coll-1A-150x150.jpg","width":150,"height":150,"mime-type":"image\/jpeg","filesize":8114,"url":"https:\/\/santacatalinaproperties.com\/wp-content\/uploads\/2026\/09\/24_Carrer-de-Bartomeu-Pons-i-Coll-1A-150x150.jpg"},"medium_large":{"file":"24_Carrer-de-Bartomeu-Pons-i-Coll-1A-768x512.jpg","width":768,"height":512,"mime-type":"image\/jpeg","filesize":113264,"url":"https:\/\/santacatalinaproperties.com\/wp-content\/uploads\/2026\/09\/24_Carrer-de-Bartomeu-Pons-i-Coll-1A-768x512.jpg"},"post-thumbnail":{"file":"24_Carrer-de-Bartomeu-Pons-i-Coll-1A-150x100.jpg","width":150,"height":100,"mime-type":"image\/jpeg","filesize":5782,"url":"https:\/\/santacatalinaproperties.com\/wp-content\/uploads\/2026\/09\/24_Carrer-de-Bartomeu-Pons-i-Coll-1A-150x100.jpg"},"modern-property-child-slider":{"file":"24_Carrer-de-Bartomeu-Pons-i-Coll-1A-680x510.jpg","width":680,"height":510,"mime-type":"image\/jpeg","filesize":104614,"url":"https:\/\/santacatalinaproperties.com\/wp-content\/uploads\/2026\/09\/24_Carrer-de-Bartomeu-Pons-i-Coll-1A-680x510.jpg"},"property-thumb-image":{"file":"24_Carrer-de-Bartomeu-Pons-i-Coll-1A-488x326.jpg","width":488,"height":326,"mime-type":"image\/jpeg","filesize":47448,"url":"https:\/\/santacatalinaproperties.com\/wp-content\/uploads\/2026\/09\/24_Carrer-de-Bartomeu-Pons-i-Coll-1A-488x326.jpg"},"property-detail-video-image":{"file":"24_Carrer-de-Bartomeu-Pons-i-Coll-1A-818x417.jpg","width":818,"height":417,"mime-type":"image\/jpeg","filesize":96695,"url":"https:\/\/santacatalinaproperties.com\/wp-content\/uploads\/2026\/09\/24_Carrer-de-Bartomeu-Pons-i-Coll-1A-818x417.jpg"},"agent-image":{"file":"24_Carrer-de-Bartomeu-Pons-i-Coll-1A-210x210.jpg","width":210,"height":210,"mime-type":"image\/jpeg","filesize":15023,"url":"https:\/\/santacatalinaproperties.com\/wp-content\/uploads\/2026\/09\/24_Carrer-de-Bartomeu-Pons-i-Coll-1A-210x210.jpg"},"partners-logo":{"file":"24_Carrer-de-Bartomeu-Pons-i-Coll-1A-600x945.jpg","width":600,"height":945,"mime-type":"image\/jpeg","filesize":183996,"url":"https:\/\/santacatalinaproperties.com\/wp-content\/uploads\/2026\/09\/24_Carrer-de-Bartomeu-Pons-i-Coll-1A-600x945.jpg"},"post-featured-image":{"file":"24_Carrer-de-Bartomeu-Pons-i-Coll-1A-1240x720.jpg","width":1240,"height":720,"mime-type":"image\/jpeg","filesize":235620,"url":"https:\/\/santacatalinaproperties.com\/wp-content\/uploads\/2026\/09\/24_Carrer-de-Bartomeu-Pons-i-Coll-1A-1240x720.jpg"}},"image_meta":{"aperture":"8","credit":"Marcos Iso","camera":"ILCE-7M4","caption":"","created_timestamp":"1778150718","copyright":"Marcos Iso","focal_length":"20","iso":"320","shutter_speed":"0.000625","title":"","orientation":"1","keywords":["1A","2026","Carrer de Bartomeu Pons i Coll","bonanova","garage","gato","martin","mayo","palma","palma de mallorca","perros","piso","synergy homes"]},"ID":"34577","name":"24_Carrer-de-Bartomeu-Pons-i-Coll-1A.jpg","path":"\/home\/scatapro\/public_html\/wp-content\/uploads\/2026\/09\/24_Carrer-de-Bartomeu-Pons-i-Coll-1A.jpg","url":"https:\/\/santacatalinaproperties.com\/wp-content\/uploads\/2026\/09\/24_Carrer-de-Bartomeu-Pons-i-Coll-1A-150x150.jpg","full_url":"https:\/\/santacatalinaproperties.com\/wp-content\/uploads\/2026\/09\/24_Carrer-de-Bartomeu-Pons-i-Coll-1A.jpg","title":"24_Carrer de Bartomeu Pons i Coll, 1A","caption":"","description":"","alt":"","srcset":"https:\/\/santacatalinaproperties.com\/wp-content\/uploads\/2026\/09\/24_Carrer-de-Bartomeu-Pons-i-Coll-1A-150x150.jpg 150w, https:\/\/santacatalinaproperties.com\/wp-content\/uploads\/2026\/09\/24_Carrer-de-Bartomeu-Pons-i-Coll-1A-210x210.jpg 210w"}],"REAL_HOMES_change_gallery_slider_type":"0","REAL_HOMES_gallery_slider_type":"thumb-on-right","inspiry_floor_plans":[],"inspiry_video_group":[],"REAL_HOMES_360_virtual_tour":"","REAL_HOMES_tour_video_url":"","REAL_HOMES_tour_video_image":[],"REAL_HOMES_agent_display_option":"none","REAL_HOMES_agents":[],"REAL_HOMES_energy_class":"none","REAL_HOMES_energy_performance":"","REAL_HOMES_epc_current_rating":"","REAL_HOMES_epc_potential_rating":"","REAL_HOMES_sticky":"0","inspiry_property_label":"","inspiry_property_label_color":"","inspiry_property_tax":"0","inspiry_additional_fee":"0","REAL_HOMES_attachments":[],"inspiry_property_owner_name":"","inspiry_property_owner_contact":"","inspiry_property_owner_address":"","REAL_HOMES_property_private_note":"","inspiry_message_to_reviewer":"","REAL_HOMES_add_in_slider":"no","REAL_HOMES_slider_image":[],"REAL_HOMES_page_banner_image":[],"REAL_HOMES_hide_property_advance_search":"0","REAL_HOMES_custom_header_display":"default","REAL_HOMES_custom_header_position":"relative","REAL_HOMES_custom_footer_display":"default","REAL_HOMES_hide_advance_search":"0","REAL_HOMES_custom_search_form":"default","REAL_HOMES_search_form_margin_top":"","REAL_HOMES_search_form_margin_bottom":""},"_links":{"self":[{"href":"https:\/\/santacatalinaproperties.com\/es\/wp-json\/wp\/v2\/property\/34580"}],"collection":[{"href":"https:\/\/santacatalinaproperties.com\/es\/wp-json\/wp\/v2\/property"}],"about":[{"href":"https:\/\/santacatalinaproperties.com\/es\/wp-json\/wp\/v2\/types\/property"}],"author":[{"embeddable":true,"href":"https:\/\/santacatalinaproperties.com\/es\/wp-json\/wp\/v2\/users\/5"}],"replies":[{"embeddable":true,"href":"https:\/\/santacatalinaproperties.com\/es\/wp-json\/wp\/v2\/comments?post=34580"}],"version-history":[{"count":1,"href":"https:\/\/santacatalinaproperties.com\/es\/wp-json\/wp\/v2\/property\/34580\/revisions"}],"predecessor-version":[{"id":34581,"href":"https:\/\/santacatalinaproperties.com\/es\/wp-json\/wp\/v2\/property\/34580\/revisions\/34581"}],"wp:featuredmedia":[{"embeddable":true,"href":"https:\/\/santacatalinaproperties.com\/es\/wp-json\/wp\/v2\/media\/34536"}],"wp:attachment":[{"href":"https:\/\/santacatalinaproperties.com\/es\/wp-json\/wp\/v2\/media?parent=34580"}],"wp:term":[{"taxonomy":"property-feature","embeddable":true,"href":"https:\/\/santacatalinaproperties.com\/es\/wp-json\/wp\/v2\/property-feature?post=34580"},{"taxonomy":"property-type","embeddable":true,"href":"https:\/\/santacatalinaproperties.com\/es\/wp-json\/wp\/v2\/property-type?post=34580"},{"taxonomy":"property-city","embeddable":true,"href":"https:\/\/santacatalinaproperties.com\/es\/wp-json\/wp\/v2\/property-city?post=34580"},{"taxonomy":"property-status","embeddable":true,"href":"https:\/\/santacatalinaproperties.com\/es\/wp-json\/wp\/v2\/property-status?post=34580"}],"curies":[{"name":"wp","href":"https:\/\/api.w.org\/{rel}","templated":true}]}}